{"id":7193,"date":"2022-04-20T18:52:55","date_gmt":"2022-04-20T16:52:55","guid":{"rendered":"https:\/\/www.kamil.ch\/blog\/?page_id=7193"},"modified":"2025-06-24T17:10:58","modified_gmt":"2025-06-24T15:10:58","slug":"kurzvorstellung","status":"publish","type":"page","link":"https:\/\/www.kamil.ch\/blog\/kurzvorstellung\/","title":{"rendered":"Kurzvorstellung"},"content":{"rendered":"\n<h2 class=\"wp-block-heading\">Kurzvorstellung<\/h2>\n\n\n\n<h3 class=\"wp-block-heading\">Grafik- und Pr\u00e4sentationsdesigner<\/h3>\n\n\n\n<p>Vor dem Wechsel in die Selbst\u00e4ndigkeit Anfang 2020 arbeitete ich als Angestellter f\u00fcr Full-Service-Werbeagenturen, aber auch bei spezialisierten Dienstleistern der Eventvisualisierung, Pr\u00e4sentationsgestaltung, Webdesign und digital-illustrativer Gru\u00dfkartenerstellung.<\/p>\n\n\n\n<div aria-hidden=\"true\" class=\"wp-block-fsb-flexible-spacer fsb-flexible-spacer\"><div class=\"fsb-flexible-spacer__device fsb-flexible-spacer__device--lg\" style=\"height:20px\"><\/div><div class=\"fsb-flexible-spacer__device fsb-flexible-spacer__device--md\" style=\"height:15px\"><\/div><div class=\"fsb-flexible-spacer__device fsb-flexible-spacer__device--sm\" style=\"height:10px\"><\/div><\/div>\n\n\n\n<figure class=\"wp-block-image size-large\"><img loading=\"lazy\" decoding=\"async\" width=\"920\" height=\"460\" src=\"https:\/\/www.kamil.ch\/blog\/wp-content\/uploads\/2020\/04\/Kamil.jpg\" alt=\"\" class=\"wp-image-2833\" srcset=\"https:\/\/www.kamil.ch\/blog\/wp-content\/uploads\/2020\/04\/Kamil.jpg 920w, https:\/\/www.kamil.ch\/blog\/wp-content\/uploads\/2020\/04\/Kamil-300x150.jpg 300w, https:\/\/www.kamil.ch\/blog\/wp-content\/uploads\/2020\/04\/Kamil-768x384.jpg 768w\" sizes=\"auto, (max-width: 920px) 100vw, 920px\" \/><\/figure>\n\n\n\n<p style=\"font-size:13px;\">Abbildung: \u00a9 <a rel=\"noreferrer noopener\" href=\"https:\/\/carohoene.de\/\" target=\"_blank\">Caro Hoene<\/a><\/p>\n\n\n\n<div aria-hidden=\"true\" class=\"wp-block-fsb-flexible-spacer fsb-flexible-spacer\"><div class=\"fsb-flexible-spacer__device fsb-flexible-spacer__device--lg\" style=\"height:90px\"><\/div><div class=\"fsb-flexible-spacer__device fsb-flexible-spacer__device--md\" style=\"height:30px\"><\/div><div class=\"fsb-flexible-spacer__device fsb-flexible-spacer__device--sm\" style=\"height:40px\"><\/div><\/div>\n\n\n\n<h3 class=\"wp-block-heading\">17 Jahre Berufserfahrung:<\/h3>\n\n\n\n<div aria-hidden=\"true\" class=\"wp-block-fsb-flexible-spacer fsb-flexible-spacer\"><div class=\"fsb-flexible-spacer__device fsb-flexible-spacer__device--lg\" style=\"height:0px\"><\/div><div class=\"fsb-flexible-spacer__device fsb-flexible-spacer__device--md\" style=\"height:0px\"><\/div><div class=\"fsb-flexible-spacer__device fsb-flexible-spacer__device--sm\" style=\"height:0px\"><\/div><\/div>\n\n\n\n<h4 class=\"wp-block-heading\">Agenturen und Dienstleister<\/h4>\n\n\n\n<p>DREINULL<\/p>\n\n\n\n<p>Eventagentur<\/p>\n\n\n\n<p>i-pointing ltd.<\/p>\n\n\n\n<p>PowerPoint Dienstleister &amp; Pr\u00e4sentationsagentur<\/p>\n\n\n\n<p>Lingner<\/p>\n\n\n\n<p>Werbeagentur<\/p>\n\n\n\n<p>MetaDesign<\/p>\n\n\n\n<p>Markenberatungsagentur<\/p>\n\n\n\n<p>metagate<\/p>\n\n\n\n<p>Werbeagentur<\/p>\n\n\n\n<p>Publicis Sapient<\/p>\n\n\n\n<p>Beratungsunternehmen f\u00fcr Digitale Business Transformation<\/p>\n\n\n\n<p>Rethink<\/p>\n\n\n\n<p>Kommunikationsagentur<\/p>\n\n\n\n<p>Saatchi &amp; Saatchi Pro<\/p>\n\n\n\n<p>B2B Agency<\/p>\n\n\n\n<p>Searchmetrics<\/p>\n\n\n\n<p>SEO, SEM<\/p>\n\n\n\n<p>zweimaleins<\/p>\n\n\n\n<p>B2B Agency<\/p>\n\n\n<div class=\"wp-block-fsb-flexible-spacer fsb-flexible-spacer\" aria-hidden=\"true\">\n<div class=\"fsb-flexible-spacer__device fsb-flexible-spacer__device--lg\" style=\"height: 5px;\">&nbsp;<\/div>\n<div class=\"fsb-flexible-spacer__device fsb-flexible-spacer__device--md\" style=\"height: 10px;\">&nbsp;<\/div>\n<div class=\"fsb-flexible-spacer__device fsb-flexible-spacer__device--sm\" style=\"height: 25px;\">&nbsp;<\/div>\n<\/div>\n\n\n<h4 class=\"wp-block-heading\">Agenturkundenprojekte<\/h4>\n\n\n<p>Adidas, Antrieb Mittelstand, Audi<\/p>\n<p>Bayer04, BASF, BJU, BMAS, BMW-Sauber Rennstall, Bombardier, Bosch, Braun<\/p>\n<p>Cencora, Commerzbank<\/p>\n<p>Deutscher Sparkassenverlag, Deutsche Telekom, Deutsche Wohnen AG, DocMorris<\/p>\n<p>eCl@ss<\/p>\n<p>Fenistil<\/p>\n<p>HBPO, HELLA, Hyundai &amp; Hyundai Motorstudio<\/p>\n<p>INQA, Interhyp, Intersport<\/p>\n<p>Jaloucity<\/p>\n<p>Klitschkos<\/p>\n<p>Landis+Gyr<\/p>\n<p>Mercedes, Merck, Miele<\/p>\n<p>Novartis<\/p>\n<p>Orlen, Otriven<\/p>\n<p>Pepperl+Fuchs, Phoenix, Philip Morris, Porsche Consulting, Prohyp<\/p>\n<p>Sartorius, Satellic, Saunier Duval, Seven Seas, Siemens, Sirona, Sparkasse, Sulzer<\/p>\n<p>Ticketmaster, Toshiba, Toyota, tyntec, T-Systems<\/p>\n<p>Union Investment<\/p>\n<p>Vaillant, Volkswagen<\/p>\n<p>YouTube, Zalando, Ziehl-Abegg<\/p>\n\n\n<div aria-hidden=\"true\" class=\"wp-block-fsb-flexible-spacer fsb-flexible-spacer\"><div class=\"fsb-flexible-spacer__device fsb-flexible-spacer__device--lg\" style=\"height:20px\"><\/div><div class=\"fsb-flexible-spacer__device fsb-flexible-spacer__device--md\" style=\"height:20px\"><\/div><div class=\"fsb-flexible-spacer__device fsb-flexible-spacer__device--sm\" style=\"height:40px\"><\/div><\/div>\n\n\n\n<h4 class=\"wp-block-heading\">Eigene Kundenprojekte<\/h4>\n\n\n\n<p>Bildungstr\u00e4ger Neustart<\/p>\n\n\n\n<p>CVJM-Ostwerk e.V.<\/p>\n\n\n\n<p>EKBO (Verein evangelischer Pfarrerinnen und Pfarrer in Berlin-Brandenburg und der schlesischen Oberlausitz e.V<strong>.<\/strong>)<\/p>\n\n\n\n<p>Endress+Hauser<\/p>\n\n\n\n<p>Existenzgr\u00fcnderhilfe GmbH<\/p>\n\n\n\n<p>GreenCap Partners<\/p>\n\n\n\n<p>Jonas &amp; Redmann<\/p>\n\n\n\n<p>Sick AG<\/p>\n\n\n\n<p>Tungsten Consulting<\/p>\n\n\n\n<p>Waldenberger Rechtsanw\u00e4lte<\/p>\n\n\n\n<p>Wolfram Chemie<\/p>\n\n\n\n<p>Sowie weitere Agenturen, Dienstleister, Gesch\u00e4fts- und Privatkunden wie z.B. ctrl QS Digital Solutions for Global Brand, insgl\u00fcck Markeninszenierung, TAC Insights Eventfirma<\/p>\n\n\n\n<div aria-hidden=\"true\" class=\"wp-block-fsb-flexible-spacer fsb-flexible-spacer\"><div class=\"fsb-flexible-spacer__device fsb-flexible-spacer__device--lg\" style=\"height:30px\"><\/div><div class=\"fsb-flexible-spacer__device fsb-flexible-spacer__device--md\" style=\"height:30px\"><\/div><div class=\"fsb-flexible-spacer__device fsb-flexible-spacer__device--sm\" style=\"height:30px\"><\/div><\/div>\n","protected":false},"excerpt":{"rendered":"<p>Kurzvorstellung Grafik- und Pr\u00e4sentationsdesigner Vor dem Wechsel in die Selbst\u00e4ndigkeit Anfang 2020 arbeitete ich als Angestellter f\u00fcr Full-Service-Werbeagenturen, aber auch bei spezialisierten Dienstleistern der Eventvisualisierung, Pr\u00e4sentationsgestaltung, Webdesign und digital-illustrativer Gru\u00dfkartenerstellung. &#8230;<\/p>\n","protected":false},"author":1,"featured_media":0,"parent":0,"menu_order":0,"comment_status":"closed","ping_status":"closed","template":"","meta":{"inline_featured_image":false,"footnotes":""},"class_list":["post-7193","page","type-page","status-publish","hentry"],"_links":{"self":[{"href":"https:\/\/www.kamil.ch\/blog\/wp-json\/wp\/v2\/pages\/7193","targetHints":{"allow":["GET"]}}],"collection":[{"href":"https:\/\/www.kamil.ch\/blog\/wp-json\/wp\/v2\/pages"}],"about":[{"href":"https:\/\/www.kamil.ch\/blog\/wp-json\/wp\/v2\/types\/page"}],"author":[{"embeddable":true,"href":"https:\/\/www.kamil.ch\/blog\/wp-json\/wp\/v2\/users\/1"}],"replies":[{"embeddable":true,"href":"https:\/\/www.kamil.ch\/blog\/wp-json\/wp\/v2\/comments?post=7193"}],"version-history":[{"count":94,"href":"https:\/\/www.kamil.ch\/blog\/wp-json\/wp\/v2\/pages\/7193\/revisions"}],"predecessor-version":[{"id":8075,"href":"https:\/\/www.kamil.ch\/blog\/wp-json\/wp\/v2\/pages\/7193\/revisions\/8075"}],"wp:attachment":[{"href":"https:\/\/www.kamil.ch\/blog\/wp-json\/wp\/v2\/media?parent=7193"}],"curies":[{"name":"wp","href":"https:\/\/api.w.org\/{rel}","templated":true}]}}