{"id":5299,"date":"2021-01-26T14:25:26","date_gmt":"2021-01-26T13:25:26","guid":{"rendered":"https:\/\/www.kamil.ch\/blog\/?page_id=5299"},"modified":"2024-01-21T22:36:27","modified_gmt":"2024-01-21T21:36:27","slug":"meine-webseite","status":"publish","type":"page","link":"https:\/\/www.kamil.ch\/blog\/","title":{"rendered":"Webseite"},"content":{"rendered":"\n<h2 class=\"wp-block-heading has-text-color\">\u00dcbersicht Designleistungen<\/h2>\n\n\n\n<h3 class=\"wp-block-heading\">Entwicklung hochwertiger Pr\u00e4sentationen<\/h3>\n\n\n\n<p>Eines meiner Fachgebiete ist das gestalterische und technische Umsetzen von Kommunikations-, Kampagnen- und Vertriebskonzepten. Dabei entwickele ich grafisch hochwertige Pr\u00e4sentationen und Pr\u00e4sentationsvorlagen im direkten Kundengespr\u00e4ch, unterst\u00fctze mit kreativen Vorschl\u00e4gen und beantworte technische Fragen.<\/p>\n\n\n\n<p><a href=\"https:\/\/www.kamil.ch\/blog\/praesentationsdesign\/\">Mehr erfahren<\/a><\/p>\n\n\n\n<div aria-hidden=\"true\" class=\"wp-block-fsb-flexible-spacer fsb-flexible-spacer\"><div class=\"fsb-flexible-spacer__device fsb-flexible-spacer__device--lg\" style=\"height:23px\"><\/div><div class=\"fsb-flexible-spacer__device fsb-flexible-spacer__device--md\" style=\"height:15px\"><\/div><div class=\"fsb-flexible-spacer__device fsb-flexible-spacer__device--sm\" style=\"height:10px\"><\/div><\/div>\n\n\n\n<figure class=\"wp-block-image size-large\"><img loading=\"lazy\" decoding=\"async\" width=\"1024\" height=\"448\" src=\"https:\/\/www.kamil.ch\/blog\/wp-content\/uploads\/2021\/01\/praesentationsdesign-1024x448.jpg\" alt=\"Presentation sample\" class=\"wp-image-4670\" srcset=\"https:\/\/www.kamil.ch\/blog\/wp-content\/uploads\/2021\/01\/praesentationsdesign-1024x448.jpg 1024w, https:\/\/www.kamil.ch\/blog\/wp-content\/uploads\/2021\/01\/praesentationsdesign-300x131.jpg 300w, https:\/\/www.kamil.ch\/blog\/wp-content\/uploads\/2021\/01\/praesentationsdesign-768x336.jpg 768w, https:\/\/www.kamil.ch\/blog\/wp-content\/uploads\/2021\/01\/praesentationsdesign-1536x672.jpg 1536w, https:\/\/www.kamil.ch\/blog\/wp-content\/uploads\/2021\/01\/praesentationsdesign.jpg 1600w\" sizes=\"auto, (max-width: 1024px) 100vw, 1024px\" \/><\/figure>\n\n\n\n<p style=\"font-size:13px;\">Abbildung: Event-Pr\u00e4sentation f\u00fcr die Firma Interhyp, realisiert f\u00fcr <a rel=\"noreferrer noopener\" href=\"https:\/\/www.dreinull.berlin\/\" target=\"_blank\">Dreinull<\/a><\/p>\n\n\n\n<div aria-hidden=\"true\" class=\"wp-block-fsb-flexible-spacer fsb-flexible-spacer\"><div class=\"fsb-flexible-spacer__device fsb-flexible-spacer__device--lg\" style=\"height:50px\"><\/div><div class=\"fsb-flexible-spacer__device fsb-flexible-spacer__device--md\" style=\"height:50px\"><\/div><div class=\"fsb-flexible-spacer__device fsb-flexible-spacer__device--sm\" style=\"height:30px\"><\/div><\/div>\n\n\n\n<hr class=\"wp-block-separator has-css-opacity is-style-wide\"\/>\n\n\n\n<div aria-hidden=\"true\" class=\"wp-block-fsb-flexible-spacer fsb-flexible-spacer\"><div class=\"fsb-flexible-spacer__device fsb-flexible-spacer__device--lg\" style=\"height:21px\"><\/div><div class=\"fsb-flexible-spacer__device fsb-flexible-spacer__device--md\" style=\"height:21px\"><\/div><div class=\"fsb-flexible-spacer__device fsb-flexible-spacer__device--sm\" style=\"height:10px\"><\/div><\/div>\n\n\n\n<h3 class=\"wp-block-heading\">Digitale Inhalte, Kampagnen, <nobr>Screen- und Webdesign<\/nobr><\/h3>\n\n\n\n<p>Ich bin erfahren in der Erstellung von Grafiken, Key-Visuals und Layouts f\u00fcr digitale Kampagnen. Webseiten, Microsites, Internetwerbung, sowie Inhalte f\u00fcr Apps, Messe-Touchscreens, Tablets, Mobiltelefone usw. kann ich f\u00fcr Sie grafisch umsetzen.<\/p>\n\n\n\n<p><a href=\"https:\/\/www.kamil.ch\/blog\/digital\/\">Mehr erfahren<\/a><\/p>\n\n\n\n<div aria-hidden=\"true\" class=\"wp-block-fsb-flexible-spacer fsb-flexible-spacer\"><div class=\"fsb-flexible-spacer__device fsb-flexible-spacer__device--lg\" style=\"height:23px\"><\/div><div class=\"fsb-flexible-spacer__device fsb-flexible-spacer__device--md\" style=\"height:15px\"><\/div><div class=\"fsb-flexible-spacer__device fsb-flexible-spacer__device--sm\" style=\"height:10px\"><\/div><\/div>\n\n\n\n<figure class=\"wp-block-image size-large\"><img loading=\"lazy\" decoding=\"async\" width=\"1024\" height=\"676\" src=\"https:\/\/www.kamil.ch\/blog\/wp-content\/uploads\/2022\/04\/lifehacks_kl-1024x676.png\" alt=\"\" class=\"wp-image-6461\" srcset=\"https:\/\/www.kamil.ch\/blog\/wp-content\/uploads\/2022\/04\/lifehacks_kl-1024x676.png 1024w, https:\/\/www.kamil.ch\/blog\/wp-content\/uploads\/2022\/04\/lifehacks_kl-300x198.png 300w, https:\/\/www.kamil.ch\/blog\/wp-content\/uploads\/2022\/04\/lifehacks_kl-768x507.png 768w, https:\/\/www.kamil.ch\/blog\/wp-content\/uploads\/2022\/04\/lifehacks_kl.png 1424w\" sizes=\"auto, (max-width: 1024px) 100vw, 1024px\" \/><\/figure>\n\n\n\n<p style=\"font-size:13px;\">Abbildung: Teil einer digitalen Kampagne der Volkswagen AG, Entwicklung und Umsetzung des Layouts, realisiert f\u00fcr <a rel=\"noreferrer noopener\" href=\"https:\/\/www.rethink-everything.net\/\" target=\"_blank\">rethink<\/a><\/p>\n\n\n\n<div aria-hidden=\"true\" class=\"wp-block-fsb-flexible-spacer fsb-flexible-spacer\"><div class=\"fsb-flexible-spacer__device fsb-flexible-spacer__device--lg\" style=\"height:50px\"><\/div><div class=\"fsb-flexible-spacer__device fsb-flexible-spacer__device--md\" style=\"height:50px\"><\/div><div class=\"fsb-flexible-spacer__device fsb-flexible-spacer__device--sm\" style=\"height:30px\"><\/div><\/div>\n\n\n\n<hr class=\"wp-block-separator has-css-opacity is-style-wide\"\/>\n\n\n\n<div aria-hidden=\"true\" class=\"wp-block-fsb-flexible-spacer fsb-flexible-spacer\"><div class=\"fsb-flexible-spacer__device fsb-flexible-spacer__device--lg\" style=\"height:21px\"><\/div><div class=\"fsb-flexible-spacer__device fsb-flexible-spacer__device--md\" style=\"height:21px\"><\/div><div class=\"fsb-flexible-spacer__device fsb-flexible-spacer__device--sm\" style=\"height:10px\"><\/div><\/div>\n\n\n\n<h3 class=\"wp-block-heading\">Printdesign<\/h3>\n\n\n\n<p>Gesch\u00e4ftspapiere, Plakate, Flyer, Banner, Verpackungen und andere kleinere Druckprojekte kann ich f\u00fcr Sie gestalten. Wenn gew\u00fcnscht suche ich die passende Druckerei aus, kommuniziere die Auftr\u00e4ge und k\u00fcmmere mich auch um die Bestellungen.<\/p>\n\n\n\n<p><a href=\"https:\/\/www.kamil.ch\/blog\/print\/\">Mehr erfahren<\/a><\/p>\n\n\n\n<div aria-hidden=\"true\" class=\"wp-block-fsb-flexible-spacer fsb-flexible-spacer\"><div class=\"fsb-flexible-spacer__device fsb-flexible-spacer__device--lg\" style=\"height:23px\"><\/div><div class=\"fsb-flexible-spacer__device fsb-flexible-spacer__device--md\" style=\"height:15px\"><\/div><div class=\"fsb-flexible-spacer__device fsb-flexible-spacer__device--sm\" style=\"height:10px\"><\/div><\/div>\n\n\n\n<figure class=\"wp-block-image size-large\"><img loading=\"lazy\" decoding=\"async\" width=\"1024\" height=\"438\" src=\"https:\/\/www.kamil.ch\/blog\/wp-content\/uploads\/2021\/04\/Facebook_Update_2021-04-02_rgb_-1024x438.jpg\" alt=\"\" class=\"wp-image-5586\" srcset=\"https:\/\/www.kamil.ch\/blog\/wp-content\/uploads\/2021\/04\/Facebook_Update_2021-04-02_rgb_-1024x438.jpg 1024w, https:\/\/www.kamil.ch\/blog\/wp-content\/uploads\/2021\/04\/Facebook_Update_2021-04-02_rgb_-300x128.jpg 300w, https:\/\/www.kamil.ch\/blog\/wp-content\/uploads\/2021\/04\/Facebook_Update_2021-04-02_rgb_-768x328.jpg 768w, https:\/\/www.kamil.ch\/blog\/wp-content\/uploads\/2021\/04\/Facebook_Update_2021-04-02_rgb_.jpg 1436w\" sizes=\"auto, (max-width: 1024px) 100vw, 1024px\" \/><\/figure>\n\n\n\n<p style=\"font-size:13px;\">Abbildung: Grafische Entwicklung von Druckvorlagen\/Verpackungen f\u00fcr <a rel=\"noreferrer noopener\" href=\"https:\/\/www.tungsten-consulting.de\/\" target=\"_blank\">Tungsten Consulting<\/a><\/p>\n\n\n\n<div aria-hidden=\"true\" class=\"wp-block-fsb-flexible-spacer fsb-flexible-spacer\"><div class=\"fsb-flexible-spacer__device fsb-flexible-spacer__device--lg\" style=\"height:51px\"><\/div><div class=\"fsb-flexible-spacer__device fsb-flexible-spacer__device--md\" style=\"height:51px\"><\/div><div class=\"fsb-flexible-spacer__device fsb-flexible-spacer__device--sm\" style=\"height:30px\"><\/div><\/div>\n\n\n\n<hr class=\"wp-block-separator has-css-opacity is-style-wide\"\/>\n\n\n\n<div aria-hidden=\"true\" class=\"wp-block-fsb-flexible-spacer fsb-flexible-spacer\"><div class=\"fsb-flexible-spacer__device fsb-flexible-spacer__device--lg\" style=\"height:21px\"><\/div><div class=\"fsb-flexible-spacer__device fsb-flexible-spacer__device--md\" style=\"height:21px\"><\/div><div class=\"fsb-flexible-spacer__device fsb-flexible-spacer__device--sm\" style=\"height:10px\"><\/div><\/div>\n\n\n\n<h3 class=\"wp-block-heading\">Markenentwicklung und Branding<\/h3>\n\n\n\n<p>F\u00fcr Ihren Markenerfolg kann ich Sie in den Aspekten des Corporate Designs beraten. Grafische Elemente, Logos, Icons, Piktogramme, typografische Vorgaben, sowie Vorlagen f\u00fcr die Gesch\u00e4ftsausstattung entwickeln, Ihnen ein Schrift-, Bild- und Farbkonzept zusammenstellen oder einen ganzen Styleguide konzipieren.<\/p>\n\n\n\n<p><a href=\"https:\/\/www.kamil.ch\/blog\/markenentwicklung\/\">Mehr erfahren<\/a><\/p>\n\n\n\n<div aria-hidden=\"true\" class=\"wp-block-fsb-flexible-spacer fsb-flexible-spacer\"><div class=\"fsb-flexible-spacer__device fsb-flexible-spacer__device--lg\" style=\"height:23px\"><\/div><div class=\"fsb-flexible-spacer__device fsb-flexible-spacer__device--md\" style=\"height:15px\"><\/div><div class=\"fsb-flexible-spacer__device fsb-flexible-spacer__device--sm\" style=\"height:10px\"><\/div><\/div>\n\n\n\n<figure class=\"wp-block-image size-large\"><img loading=\"lazy\" decoding=\"async\" width=\"1024\" height=\"725\" src=\"https:\/\/www.kamil.ch\/blog\/wp-content\/uploads\/2021\/01\/Infoblatt_TC-2020a-1024x725.jpg\" alt=\"example picture for print project\" class=\"wp-image-4742\" srcset=\"https:\/\/www.kamil.ch\/blog\/wp-content\/uploads\/2021\/01\/Infoblatt_TC-2020a-1024x725.jpg 1024w, https:\/\/www.kamil.ch\/blog\/wp-content\/uploads\/2021\/01\/Infoblatt_TC-2020a-300x212.jpg 300w, https:\/\/www.kamil.ch\/blog\/wp-content\/uploads\/2021\/01\/Infoblatt_TC-2020a-768x543.jpg 768w, https:\/\/www.kamil.ch\/blog\/wp-content\/uploads\/2021\/01\/Infoblatt_TC-2020a.jpg 1272w\" sizes=\"auto, (max-width: 1024px) 100vw, 1024px\" \/><\/figure>\n\n\n\n<p style=\"font-size:13px;\">Abbildung: Infoblatt f\u00fcr <a rel=\"noopener\" href=\"https:\/\/www.tungsten-consulting.de\/\" target=\"_blank\">Tungsten Consulting<\/a>. Designentwicklung von Gesch\u00e4ftspapieren, Verpackungen, Visitenkarten, Beipackzetteln, (Masken- &amp; Packshot mit <a rel=\"noreferrer noopener\" href=\"http:\/\/www.ellapanther.com\/\" target=\"_blank\">Ella Panther Filmworks<\/a>), anschlie\u00dfend Fotoretusche.<\/p>\n\n\n\n<div aria-hidden=\"true\" class=\"wp-block-fsb-flexible-spacer fsb-flexible-spacer\"><div class=\"fsb-flexible-spacer__device fsb-flexible-spacer__device--lg\" style=\"height:51px\"><\/div><div class=\"fsb-flexible-spacer__device fsb-flexible-spacer__device--md\" style=\"height:51px\"><\/div><div class=\"fsb-flexible-spacer__device fsb-flexible-spacer__device--sm\" style=\"height:30px\"><\/div><\/div>\n\n\n\n<hr class=\"wp-block-separator has-css-opacity is-style-wide\"\/>\n\n\n\n<div aria-hidden=\"true\" class=\"wp-block-fsb-flexible-spacer fsb-flexible-spacer\"><div class=\"fsb-flexible-spacer__device fsb-flexible-spacer__device--lg\" style=\"height:21px\"><\/div><div class=\"fsb-flexible-spacer__device fsb-flexible-spacer__device--md\" style=\"height:21px\"><\/div><div class=\"fsb-flexible-spacer__device fsb-flexible-spacer__device--sm\" style=\"height:10px\"><\/div><\/div>\n\n\n\n<h3 class=\"wp-block-heading has-text-color\">Digitale Illustrationen<\/h3>\n\n\n\n<p>Gerne setze ich die von Ihnen ben\u00f6tigten Inhalte um: Illustrationen f\u00fcr digitale Projekte oder Printprodukte, illustrativ unterst\u00fctzende redaktionelle\/textliche Inhalte, sowie Buch- oder Spieleillustrationen.<\/p>\n\n\n\n<p><a href=\"https:\/\/www.kamil.ch\/blog\/illustration\/\">Mehr erfahren<\/a><\/p>\n\n\n\n<div aria-hidden=\"true\" class=\"wp-block-fsb-flexible-spacer fsb-flexible-spacer\"><div class=\"fsb-flexible-spacer__device fsb-flexible-spacer__device--lg\" style=\"height:23px\"><\/div><div class=\"fsb-flexible-spacer__device fsb-flexible-spacer__device--md\" style=\"height:15px\"><\/div><div class=\"fsb-flexible-spacer__device fsb-flexible-spacer__device--sm\" style=\"height:10px\"><\/div><\/div>\n\n\n\n<figure class=\"wp-block-image size-large\"><img loading=\"lazy\" decoding=\"async\" width=\"1024\" height=\"244\" src=\"https:\/\/www.kamil.ch\/blog\/wp-content\/uploads\/2022\/04\/landscape_trees_bunt-1024x244.png\" alt=\"\" class=\"wp-image-7431\" srcset=\"https:\/\/www.kamil.ch\/blog\/wp-content\/uploads\/2022\/04\/landscape_trees_bunt-1024x244.png 1024w, https:\/\/www.kamil.ch\/blog\/wp-content\/uploads\/2022\/04\/landscape_trees_bunt-300x71.png 300w, https:\/\/www.kamil.ch\/blog\/wp-content\/uploads\/2022\/04\/landscape_trees_bunt-768x183.png 768w, https:\/\/www.kamil.ch\/blog\/wp-content\/uploads\/2022\/04\/landscape_trees_bunt-1536x366.png 1536w, https:\/\/www.kamil.ch\/blog\/wp-content\/uploads\/2022\/04\/landscape_trees_bunt-2048x488.png 2048w\" sizes=\"auto, (max-width: 1024px) 100vw, 1024px\" \/><\/figure>\n\n\n\n<div aria-hidden=\"true\" class=\"wp-block-fsb-flexible-spacer fsb-flexible-spacer\"><div class=\"fsb-flexible-spacer__device fsb-flexible-spacer__device--lg\" style=\"height:65px\"><\/div><div class=\"fsb-flexible-spacer__device fsb-flexible-spacer__device--md\" style=\"height:65px\"><\/div><div class=\"fsb-flexible-spacer__device fsb-flexible-spacer__device--sm\" style=\"height:30px\"><\/div><\/div>\n","protected":false},"excerpt":{"rendered":"<p>\u00dcbersicht Designleistungen Entwicklung hochwertiger Pr\u00e4sentationen Eines meiner Fachgebiete ist das gestalterische und technische Umsetzen von Kommunikations-, Kampagnen- und Vertriebskonzepten. Dabei entwickele ich grafisch hochwertige Pr\u00e4sentationen und Pr\u00e4sentationsvorlagen im direkten Kundengespr\u00e4ch, &#8230;<\/p>\n","protected":false},"author":1,"featured_media":0,"parent":0,"menu_order":0,"comment_status":"closed","ping_status":"closed","template":"","meta":{"inline_featured_image":false,"footnotes":""},"class_list":["post-5299","page","type-page","status-publish","hentry"],"_links":{"self":[{"href":"https:\/\/www.kamil.ch\/blog\/wp-json\/wp\/v2\/pages\/5299","targetHints":{"allow":["GET"]}}],"collection":[{"href":"https:\/\/www.kamil.ch\/blog\/wp-json\/wp\/v2\/pages"}],"about":[{"href":"https:\/\/www.kamil.ch\/blog\/wp-json\/wp\/v2\/types\/page"}],"author":[{"embeddable":true,"href":"https:\/\/www.kamil.ch\/blog\/wp-json\/wp\/v2\/users\/1"}],"replies":[{"embeddable":true,"href":"https:\/\/www.kamil.ch\/blog\/wp-json\/wp\/v2\/comments?post=5299"}],"version-history":[{"count":121,"href":"https:\/\/www.kamil.ch\/blog\/wp-json\/wp\/v2\/pages\/5299\/revisions"}],"predecessor-version":[{"id":8010,"href":"https:\/\/www.kamil.ch\/blog\/wp-json\/wp\/v2\/pages\/5299\/revisions\/8010"}],"wp:attachment":[{"href":"https:\/\/www.kamil.ch\/blog\/wp-json\/wp\/v2\/media?parent=5299"}],"curies":[{"name":"wp","href":"https:\/\/api.w.org\/{rel}","templated":true}]}}