{"id":33,"date":"2019-08-26T12:48:09","date_gmt":"2019-08-26T10:48:09","guid":{"rendered":"http:\/\/www.kamil.ch\/blog\/?page_id=33"},"modified":"2022-04-24T01:11:12","modified_gmt":"2022-04-23T23:11:12","slug":"skateboard-art-group-show-2017-das-giftraum","status":"publish","type":"page","link":"https:\/\/www.kamil.ch\/blog\/skateboard-art-group-show-2017-das-giftraum\/","title":{"rendered":"Skateboard Art Show"},"content":{"rendered":"\n<h2 class=\"wp-block-heading\">Skateboard Art Show<\/h2>\n\n\n\n<div style=\"height:15px\" aria-hidden=\"true\" class=\"wp-block-spacer\"><\/div>\n\n\n\n<p>This exhibition presented a collection of artworks by international artists, designers, illustrators, comic and graffiti artists and more who have used skateboards as their inspiration and medium.<\/p>\n\n\n\n<p>The concept was to engage people in a project with one element in common: a skateboard blank deck. Everything else like theme, tool or material was free by choice.<\/p>\n\n\n\n<p>Big thanks for some organizing help and creating flyer designs to Silvia Guiz\u00e1n Sarmiento <a href=\"https:\/\/soyflare.com\/Skateboard-Art-Group-Show\">Link<\/a> and for hosting us Rachel Burns from &#8216;Das Gift&#8217;. Also thanks to all participating artists for taking time to experiment with paintings and installations on skateboard decks.<\/p>\n\n\n\n<p>Berlin, May 2017<\/p>\n\n\n\n<div style=\"height:30px\" aria-hidden=\"true\" class=\"wp-block-spacer\"><\/div>\n\n\n\n<figure class=\"wp-block-image\"><img loading=\"lazy\" decoding=\"async\" width=\"1024\" height=\"768\" src=\"http:\/\/www.kamil.ch\/blog\/wp-content\/uploads\/2019\/08\/kamil-1024x768.jpg\" alt=\"\" class=\"wp-image-235\" srcset=\"https:\/\/www.kamil.ch\/blog\/wp-content\/uploads\/2019\/08\/kamil-1024x768.jpg 1024w, https:\/\/www.kamil.ch\/blog\/wp-content\/uploads\/2019\/08\/kamil-300x225.jpg 300w, https:\/\/www.kamil.ch\/blog\/wp-content\/uploads\/2019\/08\/kamil-768x576.jpg 768w, https:\/\/www.kamil.ch\/blog\/wp-content\/uploads\/2019\/08\/kamil.jpg 2048w\" sizes=\"auto, (max-width: 1024px) 100vw, 1024px\" \/><figcaption>\u2191 Bild: Kamil Frankowicz<\/figcaption><\/figure>\n\n\n\n<hr class=\"wp-block-separator is-style-wide\"\/>\n\n\n\n<div style=\"height:30px\" aria-hidden=\"true\" class=\"wp-block-spacer\"><\/div>\n\n\n\n<h3 class=\"wp-block-heading\">Pictures from the Event<\/h3>\n\n\n\n<div style=\"height:30px\" aria-hidden=\"true\" class=\"wp-block-spacer\"><\/div>\n\n\n\n<figure class=\"wp-block-image\"><img loading=\"lazy\" decoding=\"async\" width=\"1024\" height=\"683\" src=\"http:\/\/www.kamil.ch\/blog\/wp-content\/uploads\/2019\/08\/271_silvia-1024x683.jpg\" alt=\"\" class=\"wp-image-289\" srcset=\"https:\/\/www.kamil.ch\/blog\/wp-content\/uploads\/2019\/08\/271_silvia-1024x683.jpg 1024w, https:\/\/www.kamil.ch\/blog\/wp-content\/uploads\/2019\/08\/271_silvia-300x200.jpg 300w, https:\/\/www.kamil.ch\/blog\/wp-content\/uploads\/2019\/08\/271_silvia-768x512.jpg 768w, https:\/\/www.kamil.ch\/blog\/wp-content\/uploads\/2019\/08\/271_silvia.jpg 1200w\" sizes=\"auto, (max-width: 1024px) 100vw, 1024px\" \/><\/figure>\n\n\n\n<figure class=\"wp-block-image\"><img loading=\"lazy\" decoding=\"async\" width=\"1024\" height=\"683\" src=\"http:\/\/www.kamil.ch\/blog\/wp-content\/uploads\/2019\/08\/03-1024x683.jpg\" alt=\"\" class=\"wp-image-236\" srcset=\"https:\/\/www.kamil.ch\/blog\/wp-content\/uploads\/2019\/08\/03-1024x683.jpg 1024w, https:\/\/www.kamil.ch\/blog\/wp-content\/uploads\/2019\/08\/03-300x200.jpg 300w, https:\/\/www.kamil.ch\/blog\/wp-content\/uploads\/2019\/08\/03-768x512.jpg 768w, https:\/\/www.kamil.ch\/blog\/wp-content\/uploads\/2019\/08\/03.jpg 1200w\" sizes=\"auto, (max-width: 1024px) 100vw, 1024px\" \/><\/figure>\n\n\n\n<figure class=\"wp-block-image\"><img loading=\"lazy\" decoding=\"async\" width=\"1024\" height=\"683\" src=\"http:\/\/www.kamil.ch\/blog\/wp-content\/uploads\/2019\/08\/274-1024x683.jpg\" alt=\"\" class=\"wp-image-237\" srcset=\"https:\/\/www.kamil.ch\/blog\/wp-content\/uploads\/2019\/08\/274-1024x683.jpg 1024w, https:\/\/www.kamil.ch\/blog\/wp-content\/uploads\/2019\/08\/274-300x200.jpg 300w, https:\/\/www.kamil.ch\/blog\/wp-content\/uploads\/2019\/08\/274-768x512.jpg 768w, https:\/\/www.kamil.ch\/blog\/wp-content\/uploads\/2019\/08\/274.jpg 1200w\" sizes=\"auto, (max-width: 1024px) 100vw, 1024px\" \/><\/figure>\n\n\n\n<figure class=\"wp-block-image\"><img loading=\"lazy\" decoding=\"async\" width=\"1024\" height=\"683\" src=\"http:\/\/www.kamil.ch\/blog\/wp-content\/uploads\/2019\/08\/10-1024x683.jpg\" alt=\"\" class=\"wp-image-238\" srcset=\"https:\/\/www.kamil.ch\/blog\/wp-content\/uploads\/2019\/08\/10-1024x683.jpg 1024w, https:\/\/www.kamil.ch\/blog\/wp-content\/uploads\/2019\/08\/10-300x200.jpg 300w, https:\/\/www.kamil.ch\/blog\/wp-content\/uploads\/2019\/08\/10-768x512.jpg 768w, https:\/\/www.kamil.ch\/blog\/wp-content\/uploads\/2019\/08\/10.jpg 1200w\" sizes=\"auto, (max-width: 1024px) 100vw, 1024px\" \/><\/figure>\n\n\n\n<figure class=\"wp-block-image\"><img loading=\"lazy\" decoding=\"async\" width=\"1024\" height=\"683\" src=\"http:\/\/www.kamil.ch\/blog\/wp-content\/uploads\/2019\/08\/254-1024x683.jpg\" alt=\"\" class=\"wp-image-239\" srcset=\"https:\/\/www.kamil.ch\/blog\/wp-content\/uploads\/2019\/08\/254-1024x683.jpg 1024w, https:\/\/www.kamil.ch\/blog\/wp-content\/uploads\/2019\/08\/254-300x200.jpg 300w, https:\/\/www.kamil.ch\/blog\/wp-content\/uploads\/2019\/08\/254-768x512.jpg 768w, https:\/\/www.kamil.ch\/blog\/wp-content\/uploads\/2019\/08\/254.jpg 1200w\" sizes=\"auto, (max-width: 1024px) 100vw, 1024px\" \/><\/figure>\n\n\n\n<hr class=\"wp-block-separator is-style-wide\"\/>\n\n\n\n<div style=\"height:30px\" aria-hidden=\"true\" class=\"wp-block-spacer\"><\/div>\n\n\n\n<h3 class=\"wp-block-heading\">Participating Artists, their decks and concepts<\/h3>\n\n\n\n<div style=\"height:30px\" aria-hidden=\"true\" class=\"wp-block-spacer\"><\/div>\n\n\n\n<p><strong>Adelina Arvat<\/strong><\/p>\n\n\n\n<p>Title of the piece: Society<\/p>\n\n\n\n<p>Technique: Acrylic painting | Year: 2017<\/p>\n\n\n\n<div style=\"height:20px\" aria-hidden=\"true\" class=\"wp-block-spacer\"><\/div>\n\n\n\n<figure class=\"wp-block-image\"><img loading=\"lazy\" decoding=\"async\" width=\"1024\" height=\"683\" src=\"http:\/\/www.kamil.ch\/blog\/wp-content\/uploads\/2019\/08\/295_adelina-1024x683.jpg\" alt=\"\" class=\"wp-image-240\" srcset=\"https:\/\/www.kamil.ch\/blog\/wp-content\/uploads\/2019\/08\/295_adelina-1024x683.jpg 1024w, https:\/\/www.kamil.ch\/blog\/wp-content\/uploads\/2019\/08\/295_adelina-300x200.jpg 300w, https:\/\/www.kamil.ch\/blog\/wp-content\/uploads\/2019\/08\/295_adelina-768x512.jpg 768w, https:\/\/www.kamil.ch\/blog\/wp-content\/uploads\/2019\/08\/295_adelina.jpg 1200w\" sizes=\"auto, (max-width: 1024px) 100vw, 1024px\" \/><\/figure>\n\n\n\n<div style=\"height:20px\" aria-hidden=\"true\" class=\"wp-block-spacer\"><\/div>\n\n\n\n<p>My skateboard drawing represents society nowadays and all its elements. It represents the fact that we never learn and history always repeats itself. It&#8217;s a sad representation of the world we live in and the fact that we are powerless individuals but we become powerful together.<\/p>\n\n\n\n<p>People. Society. Politics. War. Useless. Powerless. Individual. Individuals. History. Defeat. Humanity. Blood. Pain. Failure. Religion. Money. Fear. Abundance. Acceptance. Moral. Mortal. Power. Race. End.<\/p>\n\n\n\n<div style=\"height:30px\" aria-hidden=\"true\" class=\"wp-block-spacer\"><\/div>\n\n\n\n<p><strong>Artist: Alejandra Vargas D\u00edaz<\/strong><\/p>\n\n\n\n<p>Title of the piece: Thirty mental jackets from embroidered lies.<\/p>\n\n\n\n<p>Technique: Mix media collage on plywood deck | Year: 2017<\/p>\n\n\n\n<div style=\"height:20px\" aria-hidden=\"true\" class=\"wp-block-spacer\"><\/div>\n\n\n\n<figure class=\"wp-block-image\"><img loading=\"lazy\" decoding=\"async\" width=\"683\" height=\"1024\" src=\"http:\/\/www.kamil.ch\/blog\/wp-content\/uploads\/2019\/08\/400_alejandra-683x1024.jpg\" alt=\"\" class=\"wp-image-241\" srcset=\"https:\/\/www.kamil.ch\/blog\/wp-content\/uploads\/2019\/08\/400_alejandra-683x1024.jpg 683w, https:\/\/www.kamil.ch\/blog\/wp-content\/uploads\/2019\/08\/400_alejandra-200x300.jpg 200w, https:\/\/www.kamil.ch\/blog\/wp-content\/uploads\/2019\/08\/400_alejandra-768x1152.jpg 768w, https:\/\/www.kamil.ch\/blog\/wp-content\/uploads\/2019\/08\/400_alejandra.jpg 800w\" sizes=\"auto, (max-width: 683px) 100vw, 683px\" \/><\/figure>\n\n\n\n<div style=\"height:20px\" aria-hidden=\"true\" class=\"wp-block-spacer\"><\/div>\n\n\n\n<p>The base of my work lays on exploring analogue materials to conceptualize pieces that reflect internal dialogues and feelings toward situations and emotions of daily experiences. Collage is the medium that I use to filter this perception and traduce it into something tangible and visible for others to interpret.<\/p>\n\n\n\n<p>I created \u2018Thirty mental jackets from embroidered lies\u2019, based on the capability of people to create a burden for themselves and toward others by literally embroidering their real stories into lies carrying then through life like heavy garments.<\/p>\n\n\n\n<div style=\"height:30px\" aria-hidden=\"true\" class=\"wp-block-spacer\"><\/div>\n\n\n\n<p><strong>Artist: Alejandro Morales<\/strong><\/p>\n\n\n\n<p>Title of the piece: Ophelia<\/p>\n\n\n\n<p>Technique: Oil on plywood deck | Year: 2017<\/p>\n\n\n\n<div style=\"height:20px\" aria-hidden=\"true\" class=\"wp-block-spacer\"><\/div>\n\n\n\n<figure class=\"wp-block-image\"><img loading=\"lazy\" decoding=\"async\" width=\"683\" height=\"1024\" src=\"http:\/\/www.kamil.ch\/blog\/wp-content\/uploads\/2019\/08\/370_alejandro-683x1024.jpg\" alt=\"\" class=\"wp-image-242\" srcset=\"https:\/\/www.kamil.ch\/blog\/wp-content\/uploads\/2019\/08\/370_alejandro-683x1024.jpg 683w, https:\/\/www.kamil.ch\/blog\/wp-content\/uploads\/2019\/08\/370_alejandro-200x300.jpg 200w, https:\/\/www.kamil.ch\/blog\/wp-content\/uploads\/2019\/08\/370_alejandro-768x1152.jpg 768w, https:\/\/www.kamil.ch\/blog\/wp-content\/uploads\/2019\/08\/370_alejandro.jpg 800w\" sizes=\"auto, (max-width: 683px) 100vw, 683px\" \/><\/figure>\n\n\n\n<div style=\"height:20px\" aria-hidden=\"true\" class=\"wp-block-spacer\"><\/div>\n\n\n\n<p>An interpretation of the account of the death of Ophelia in Hamlet.<br>The willow tree breaks taking with it Ophelia into the water<br>Intentional?<br>An accident?<br>&#8230; she cannot help herself out &#8230;<\/p>\n\n\n\n<p>The elongated format of the board is quite a challenge, I wanted to tell a story and started with five different ideas. In the end, the material and the format dictate the narrative present on the board.<\/p>\n\n\n\n<div style=\"height:30px\" aria-hidden=\"true\" class=\"wp-block-spacer\"><\/div>\n\n\n\n<p><strong>Graphic- and webdesigner, illustrator, galerist, publisher: Annette K\u00f6hn<\/strong><\/p>\n\n\n\n<p>Title of the piece: No title<\/p>\n\n\n\n<p>Technique: Acryl painting | Year: 2017<\/p>\n\n\n\n<div style=\"height:20px\" aria-hidden=\"true\" class=\"wp-block-spacer\"><\/div>\n\n\n\n<figure class=\"wp-block-image\"><img loading=\"lazy\" decoding=\"async\" width=\"683\" height=\"1024\" src=\"http:\/\/www.kamil.ch\/blog\/wp-content\/uploads\/2019\/08\/350_annette-683x1024.jpg\" alt=\"\" class=\"wp-image-244\" srcset=\"https:\/\/www.kamil.ch\/blog\/wp-content\/uploads\/2019\/08\/350_annette-683x1024.jpg 683w, https:\/\/www.kamil.ch\/blog\/wp-content\/uploads\/2019\/08\/350_annette-200x300.jpg 200w, https:\/\/www.kamil.ch\/blog\/wp-content\/uploads\/2019\/08\/350_annette-768x1152.jpg 768w, https:\/\/www.kamil.ch\/blog\/wp-content\/uploads\/2019\/08\/350_annette.jpg 800w\" sizes=\"auto, (max-width: 683px) 100vw, 683px\" \/><\/figure>\n\n\n\n<div style=\"height:20px\" aria-hidden=\"true\" class=\"wp-block-spacer\"><\/div>\n\n\n\n<p>F\u00fcr mein erstes Mal Auf-Skateboard-Malen habe ich einfach gemalt, wie und was ich am liebsten male, also Treppen, die organisch in einem Raum herumschwingen, ein paar Rankepflanzen dazu und das alles auf der Lieblingsfarbe Blau. Mehr Bedeutung und symbolische Inhalte k\u00f6nnen sich meinetwegen im Auge des Betrachters entwickeln \u2026 gerne mit positiven Gef\u00fchlen, f\u00fcr alles andere kann ich keine Haftung \u00fcbernehmen.<\/p>\n\n\n\n<div style=\"height:30px\" aria-hidden=\"true\" class=\"wp-block-spacer\"><\/div>\n\n\n\n<p><strong>Anton Papenfuss<\/strong><\/p>\n\n\n\n<p>Title of the piece: No title<\/p>\n\n\n\n<p>Technique: Various | Year: 2017<\/p>\n\n\n\n<div style=\"height:20px\" aria-hidden=\"true\" class=\"wp-block-spacer\"><\/div>\n\n\n\n<figure class=\"wp-block-image\"><img loading=\"lazy\" decoding=\"async\" width=\"683\" height=\"1024\" src=\"http:\/\/www.kamil.ch\/blog\/wp-content\/uploads\/2019\/08\/275_antonsarah-683x1024.jpg\" alt=\"\" class=\"wp-image-245\" srcset=\"https:\/\/www.kamil.ch\/blog\/wp-content\/uploads\/2019\/08\/275_antonsarah-683x1024.jpg 683w, https:\/\/www.kamil.ch\/blog\/wp-content\/uploads\/2019\/08\/275_antonsarah-200x300.jpg 200w, https:\/\/www.kamil.ch\/blog\/wp-content\/uploads\/2019\/08\/275_antonsarah-768x1152.jpg 768w, https:\/\/www.kamil.ch\/blog\/wp-content\/uploads\/2019\/08\/275_antonsarah.jpg 800w\" sizes=\"auto, (max-width: 683px) 100vw, 683px\" \/><\/figure>\n\n\n\n<figure class=\"wp-block-image\"><img loading=\"lazy\" decoding=\"async\" width=\"683\" height=\"1024\" src=\"http:\/\/www.kamil.ch\/blog\/wp-content\/uploads\/2019\/08\/277_antonsarah-683x1024.jpg\" alt=\"\" class=\"wp-image-246\" srcset=\"https:\/\/www.kamil.ch\/blog\/wp-content\/uploads\/2019\/08\/277_antonsarah-683x1024.jpg 683w, https:\/\/www.kamil.ch\/blog\/wp-content\/uploads\/2019\/08\/277_antonsarah-200x300.jpg 200w, https:\/\/www.kamil.ch\/blog\/wp-content\/uploads\/2019\/08\/277_antonsarah-768x1152.jpg 768w, https:\/\/www.kamil.ch\/blog\/wp-content\/uploads\/2019\/08\/277_antonsarah.jpg 800w\" sizes=\"auto, (max-width: 683px) 100vw, 683px\" \/><\/figure>\n\n\n\n<div style=\"height:20px\" aria-hidden=\"true\" class=\"wp-block-spacer\"><\/div>\n\n\n\n<p>Skateboarding is a wonderful way to enjoy oneself and to explore the urban environment. Instead of finding my perfect board, I wanted to create the tool for the fun all by myself. The boards have a clean shape and a straightforward colouring. Designed with less flex \u2013 for faster rides.<\/p>\n\n\n\n<div style=\"height:30px\" aria-hidden=\"true\" class=\"wp-block-spacer\"><\/div>\n\n\n\n<p><strong>Designer: Falko Gl\u00f6ckner<\/strong><\/p>\n\n\n\n<p>Title of the piece: Freizeitstress<\/p>\n\n\n\n<p>Technique: Model building | Year: 2017<\/p>\n\n\n\n<div style=\"height:20px\" aria-hidden=\"true\" class=\"wp-block-spacer\"><\/div>\n\n\n\n<figure class=\"wp-block-image\"><img loading=\"lazy\" decoding=\"async\" width=\"1024\" height=\"683\" src=\"http:\/\/www.kamil.ch\/blog\/wp-content\/uploads\/2019\/08\/260_falko-1024x683.jpg\" alt=\"\" class=\"wp-image-247\" srcset=\"https:\/\/www.kamil.ch\/blog\/wp-content\/uploads\/2019\/08\/260_falko-1024x683.jpg 1024w, https:\/\/www.kamil.ch\/blog\/wp-content\/uploads\/2019\/08\/260_falko-300x200.jpg 300w, https:\/\/www.kamil.ch\/blog\/wp-content\/uploads\/2019\/08\/260_falko-768x512.jpg 768w, https:\/\/www.kamil.ch\/blog\/wp-content\/uploads\/2019\/08\/260_falko.jpg 1200w\" sizes=\"auto, (max-width: 1024px) 100vw, 1024px\" \/><\/figure>\n\n\n\n<div style=\"height:20px\" aria-hidden=\"true\" class=\"wp-block-spacer\"><\/div>\n\n\n\n<p>Ein Blick in den Kalender merkt \u2018Samstag, Sonnenbaden mit Maria\u2019 an. Mit einem Mal vibriert das Telefon und Marius informiert \u00fcber die am selbigen Tag geplante Fahrt zum Sport. Da du dich nicht entzweien kannst, muss um eine Entscheidung gespielt werden.<\/p>\n\n\n\n<div style=\"height:30px\" aria-hidden=\"true\" class=\"wp-block-spacer\"><\/div>\n\n\n\n<p><strong>Illustrator &amp; street artist: Felix Aaron H\u00fclp\u00fcsch<\/strong><\/p>\n\n\n\n<p>Title of the piece: Backyard brother<\/p>\n\n\n\n<p>Technique: Acryl pens | Year: 2017<\/p>\n\n\n\n<div style=\"height:20px\" aria-hidden=\"true\" class=\"wp-block-spacer\"><\/div>\n\n\n\n<figure class=\"wp-block-image\"><img loading=\"lazy\" decoding=\"async\" width=\"683\" height=\"1024\" src=\"http:\/\/www.kamil.ch\/blog\/wp-content\/uploads\/2019\/08\/380_felix-683x1024.jpg\" alt=\"\" class=\"wp-image-248\" srcset=\"https:\/\/www.kamil.ch\/blog\/wp-content\/uploads\/2019\/08\/380_felix-683x1024.jpg 683w, https:\/\/www.kamil.ch\/blog\/wp-content\/uploads\/2019\/08\/380_felix-200x300.jpg 200w, https:\/\/www.kamil.ch\/blog\/wp-content\/uploads\/2019\/08\/380_felix-768x1152.jpg 768w, https:\/\/www.kamil.ch\/blog\/wp-content\/uploads\/2019\/08\/380_felix.jpg 800w\" sizes=\"auto, (max-width: 683px) 100vw, 683px\" \/><\/figure>\n\n\n\n<div style=\"height:20px\" aria-hidden=\"true\" class=\"wp-block-spacer\"><\/div>\n\n\n\n<p>For this project, I tried to create a piece, which relates to the shape of the board but also includes the topics street, graffiti and skateboarding. So I painted a character that rides on a board and holds a spray can. As I can remember, Graffiti and Skateboarding have also been activities related to chilling in the streets and backyards of the city. That\u2019s why I called the whole thing \u2018Backyard Brother\u2019 and put apiece on top of the board. The colouring is related to the 90s and the brightness things used to have for me back then. This era still inspires my work and lifestyle today. I used Molotow and Posca markers, so I stuck to my usual style of painting. The process was pretty intense and interesting, because painting on wood is always a challenge.<\/p>\n\n\n\n<div style=\"height:30px\" aria-hidden=\"true\" class=\"wp-block-spacer\"><\/div>\n\n\n\n<p><strong>Artist: Graeme Shooter<\/strong><\/p>\n\n\n\n<p>Title of the piece: The good life<\/p>\n\n\n\n<p>Technique: Acryl painting | Year: 2017<\/p>\n\n\n\n<div style=\"height:20px\" aria-hidden=\"true\" class=\"wp-block-spacer\"><\/div>\n\n\n\n<figure class=\"wp-block-image\"><img loading=\"lazy\" decoding=\"async\" width=\"683\" height=\"1024\" src=\"http:\/\/www.kamil.ch\/blog\/wp-content\/uploads\/2019\/08\/360_graeme-683x1024.jpg\" alt=\"\" class=\"wp-image-249\" srcset=\"https:\/\/www.kamil.ch\/blog\/wp-content\/uploads\/2019\/08\/360_graeme-683x1024.jpg 683w, https:\/\/www.kamil.ch\/blog\/wp-content\/uploads\/2019\/08\/360_graeme-200x300.jpg 200w, https:\/\/www.kamil.ch\/blog\/wp-content\/uploads\/2019\/08\/360_graeme-768x1152.jpg 768w, https:\/\/www.kamil.ch\/blog\/wp-content\/uploads\/2019\/08\/360_graeme.jpg 800w\" sizes=\"auto, (max-width: 683px) 100vw, 683px\" \/><\/figure>\n\n\n\n<div style=\"height:20px\" aria-hidden=\"true\" class=\"wp-block-spacer\"><\/div>\n\n\n\n<p>I love to keep everything on my desk in line. Everything must be sorted for me to be at peace in my mind. I also love the weekend and taking it easy should not be underestimated. This is how my desk looks.<\/p>\n\n\n\n<div style=\"height:30px\" aria-hidden=\"true\" class=\"wp-block-spacer\"><\/div>\n\n\n\n<p><strong>Illustrator and comic artist: Helge Vogt<\/strong><\/p>\n\n\n\n<p>Title of the piece: Alisik &amp; Sichel Michel<\/p>\n\n\n\n<p>Technique: Acryl painting, spray can, leaf gold | Year: 2017<\/p>\n\n\n\n<div style=\"height:20px\" aria-hidden=\"true\" class=\"wp-block-spacer\"><\/div>\n\n\n\n<figure class=\"wp-block-image\"><img loading=\"lazy\" decoding=\"async\" width=\"683\" height=\"1024\" src=\"http:\/\/www.kamil.ch\/blog\/wp-content\/uploads\/2019\/08\/320_helge-683x1024.jpg\" alt=\"\" class=\"wp-image-250\" srcset=\"https:\/\/www.kamil.ch\/blog\/wp-content\/uploads\/2019\/08\/320_helge-683x1024.jpg 683w, https:\/\/www.kamil.ch\/blog\/wp-content\/uploads\/2019\/08\/320_helge-200x300.jpg 200w, https:\/\/www.kamil.ch\/blog\/wp-content\/uploads\/2019\/08\/320_helge-768x1152.jpg 768w, https:\/\/www.kamil.ch\/blog\/wp-content\/uploads\/2019\/08\/320_helge.jpg 800w\" sizes=\"auto, (max-width: 683px) 100vw, 683px\" \/><\/figure>\n\n\n\n<figure class=\"wp-block-image\"><img loading=\"lazy\" decoding=\"async\" width=\"683\" height=\"1024\" src=\"http:\/\/www.kamil.ch\/blog\/wp-content\/uploads\/2019\/08\/330_helge-683x1024.jpg\" alt=\"\" class=\"wp-image-251\" srcset=\"https:\/\/www.kamil.ch\/blog\/wp-content\/uploads\/2019\/08\/330_helge-683x1024.jpg 683w, https:\/\/www.kamil.ch\/blog\/wp-content\/uploads\/2019\/08\/330_helge-200x300.jpg 200w, https:\/\/www.kamil.ch\/blog\/wp-content\/uploads\/2019\/08\/330_helge-768x1152.jpg 768w, https:\/\/www.kamil.ch\/blog\/wp-content\/uploads\/2019\/08\/330_helge.jpg 800w\" sizes=\"auto, (max-width: 683px) 100vw, 683px\" \/><\/figure>\n\n\n\n<div style=\"height:20px\" aria-hidden=\"true\" class=\"wp-block-spacer\"><\/div>\n\n\n\n<p>Helge Vogt is a comic-drawer (Alisik) and illustrator (Percy Jackson, Die Drei ???, \u2026) from Berlin. These works show characters of his comic-book-series Alisik (Carlsen Comics). It\u2018s about a girl falling in love with a boy. There is only one problem: She is dead.<\/p>\n\n\n\n<div style=\"height:30px\" aria-hidden=\"true\" class=\"wp-block-spacer\"><\/div>\n\n\n\n<p><strong>Illustrator: I\u00f1aki Landa<\/strong><\/p>\n\n\n\n<p>Title of the piece: Welcome Refugees<\/p>\n\n\n\n<p>Technique: Marker | Year: 2017<\/p>\n\n\n\n<div style=\"height:20px\" aria-hidden=\"true\" class=\"wp-block-spacer\"><\/div>\n\n\n\n<figure class=\"wp-block-image\"><img loading=\"lazy\" decoding=\"async\" width=\"683\" height=\"1024\" src=\"http:\/\/www.kamil.ch\/blog\/wp-content\/uploads\/2019\/08\/390_inaki-683x1024.jpg\" alt=\"\" class=\"wp-image-252\" srcset=\"https:\/\/www.kamil.ch\/blog\/wp-content\/uploads\/2019\/08\/390_inaki-683x1024.jpg 683w, https:\/\/www.kamil.ch\/blog\/wp-content\/uploads\/2019\/08\/390_inaki-200x300.jpg 200w, https:\/\/www.kamil.ch\/blog\/wp-content\/uploads\/2019\/08\/390_inaki-768x1152.jpg 768w, https:\/\/www.kamil.ch\/blog\/wp-content\/uploads\/2019\/08\/390_inaki.jpg 800w\" sizes=\"auto, (max-width: 683px) 100vw, 683px\" \/><\/figure>\n\n\n\n<div style=\"height:20px\" aria-hidden=\"true\" class=\"wp-block-spacer\"><\/div>\n\n\n\n<p>The aim of the artwork is to present a war scene which shows the violent and deadly journey millions of refugee and migrant people do fleeing from war. In the best-case scenario they reach our borders, where far from giving aid and implementing an active role of asylum and refuge, we welcome them with more violence instead.<\/p>\n\n\n\n<div style=\"height:30px\" aria-hidden=\"true\" class=\"wp-block-spacer\"><\/div>\n\n\n\n<p><strong>Designer and illustrator: Kamil Frankowicz<\/strong><\/p>\n\n\n\n<p>Title of the piece: Two Abstract doodles<\/p>\n\n\n\n<p>Technique: Acryl pen | Year: 2017<\/p>\n\n\n\n<div style=\"height:20px\" aria-hidden=\"true\" class=\"wp-block-spacer\"><\/div>\n\n\n\n<figure class=\"wp-block-image\"><img loading=\"lazy\" decoding=\"async\" width=\"1024\" height=\"683\" src=\"http:\/\/www.kamil.ch\/blog\/wp-content\/uploads\/2019\/08\/2017_1und2-1024x683.jpg\" alt=\"Painted Skateboards\" class=\"wp-image-69\" srcset=\"https:\/\/www.kamil.ch\/blog\/wp-content\/uploads\/2019\/08\/2017_1und2-1024x683.jpg 1024w, https:\/\/www.kamil.ch\/blog\/wp-content\/uploads\/2019\/08\/2017_1und2-300x200.jpg 300w, https:\/\/www.kamil.ch\/blog\/wp-content\/uploads\/2019\/08\/2017_1und2-768x512.jpg 768w, https:\/\/www.kamil.ch\/blog\/wp-content\/uploads\/2019\/08\/2017_1und2.jpg 1296w\" sizes=\"auto, (max-width: 1024px) 100vw, 1024px\" \/><\/figure>\n\n\n\n<div style=\"height:20px\" aria-hidden=\"true\" class=\"wp-block-spacer\"><\/div>\n\n\n\n<p>Nowadays most of us are used to have short attention spans. My work for this exhibition tries to hold visitors diving into the details. Also an attempt to transfer the viewer shortly into a comparable spirit when I feel lost in drawing or skateboarding forgetting the time.<\/p>\n\n\n\n<div style=\"height:30px\" aria-hidden=\"true\" class=\"wp-block-spacer\"><\/div>\n\n\n\n<p><strong>Artist: Mayo Takakura<\/strong><\/p>\n\n\n\n<p>Title of the piece: Bird perch<\/p>\n\n\n\n<p>Technique: Acryl marker, spray can | Year: 2017<\/p>\n\n\n\n<div style=\"height:20px\" aria-hidden=\"true\" class=\"wp-block-spacer\"><\/div>\n\n\n\n<figure class=\"wp-block-image\"><img loading=\"lazy\" decoding=\"async\" width=\"683\" height=\"1024\" src=\"http:\/\/www.kamil.ch\/blog\/wp-content\/uploads\/2019\/08\/340_mayo-683x1024.jpg\" alt=\"\" class=\"wp-image-253\" srcset=\"https:\/\/www.kamil.ch\/blog\/wp-content\/uploads\/2019\/08\/340_mayo-683x1024.jpg 683w, https:\/\/www.kamil.ch\/blog\/wp-content\/uploads\/2019\/08\/340_mayo-200x300.jpg 200w, https:\/\/www.kamil.ch\/blog\/wp-content\/uploads\/2019\/08\/340_mayo-768x1152.jpg 768w, https:\/\/www.kamil.ch\/blog\/wp-content\/uploads\/2019\/08\/340_mayo.jpg 800w\" sizes=\"auto, (max-width: 683px) 100vw, 683px\" \/><\/figure>\n\n\n\n<div style=\"height:20px\" aria-hidden=\"true\" class=\"wp-block-spacer\"><\/div>\n\n\n\n<p>It\u2019s just like a bird perch.<br>Just rest on it to come down.<\/p>\n\n\n\n<div style=\"height:31px\" aria-hidden=\"true\" class=\"wp-block-spacer\"><\/div>\n\n\n\n<p><strong>Artist: Mio Ebisu<\/strong><\/p>\n\n\n\n<p>Title of the piece: Totem pole skateboard<\/p>\n\n\n\n<p>Technique: Skateboard, oil, acrylic, ink, canvas board | Year: 2017<\/p>\n\n\n\n<div style=\"height:20px\" aria-hidden=\"true\" class=\"wp-block-spacer\"><\/div>\n\n\n\n<figure class=\"wp-block-image\"><img loading=\"lazy\" decoding=\"async\" width=\"683\" height=\"1024\" src=\"http:\/\/www.kamil.ch\/blog\/wp-content\/uploads\/2019\/08\/239_mio-683x1024.jpg\" alt=\"\" class=\"wp-image-254\" srcset=\"https:\/\/www.kamil.ch\/blog\/wp-content\/uploads\/2019\/08\/239_mio-683x1024.jpg 683w, https:\/\/www.kamil.ch\/blog\/wp-content\/uploads\/2019\/08\/239_mio-200x300.jpg 200w, https:\/\/www.kamil.ch\/blog\/wp-content\/uploads\/2019\/08\/239_mio-768x1152.jpg 768w, https:\/\/www.kamil.ch\/blog\/wp-content\/uploads\/2019\/08\/239_mio.jpg 800w\" sizes=\"auto, (max-width: 683px) 100vw, 683px\" \/><\/figure>\n\n\n\n<div style=\"height:20px\" aria-hidden=\"true\" class=\"wp-block-spacer\"><\/div>\n\n\n\n<p>When I went to an art supply shop, I found some small various shaped canvases. A face on a round canvas came up in my mind. A skateboard is like a tree, I added these and it became like a totem pole somehow, I like it!<\/p>\n\n\n\n<div style=\"height:30px\" aria-hidden=\"true\" class=\"wp-block-spacer\"><\/div>\n\n\n\n<p><strong>Designer and illustrator: Rebecca Conrad<\/strong><\/p>\n\n\n\n<p>Title of the piece: Birdly<\/p>\n\n\n\n<p>Technique: Acryl painting | Year: 2017<\/p>\n\n\n\n<div style=\"height:20px\" aria-hidden=\"true\" class=\"wp-block-spacer\"><\/div>\n\n\n\n<figure class=\"wp-block-image\"><img loading=\"lazy\" decoding=\"async\" width=\"683\" height=\"1024\" src=\"http:\/\/www.kamil.ch\/blog\/wp-content\/uploads\/2019\/08\/310_rebecca-683x1024.jpg\" alt=\"\" class=\"wp-image-255\" srcset=\"https:\/\/www.kamil.ch\/blog\/wp-content\/uploads\/2019\/08\/310_rebecca-683x1024.jpg 683w, https:\/\/www.kamil.ch\/blog\/wp-content\/uploads\/2019\/08\/310_rebecca-200x300.jpg 200w, https:\/\/www.kamil.ch\/blog\/wp-content\/uploads\/2019\/08\/310_rebecca-768x1152.jpg 768w, https:\/\/www.kamil.ch\/blog\/wp-content\/uploads\/2019\/08\/310_rebecca.jpg 800w\" sizes=\"auto, (max-width: 683px) 100vw, 683px\" \/><\/figure>\n\n\n\n<div style=\"height:20px\" aria-hidden=\"true\" class=\"wp-block-spacer\"><\/div>\n\n\n\n<p>I love to paint objects. Bottles, matchboxes, discarded TVs, skateboards &#8230; It\u00b4s nice to go beyond flat paper or canvas. I enjoy to combine the abstract and the figurative and give it an ornamental touch. I also wanted to make sure to let the natural surface of the board come thru.<\/p>\n\n\n\n<div style=\"height:30px\" aria-hidden=\"true\" class=\"wp-block-spacer\"><\/div>\n\n\n\n<p><strong>Artist: R\u00e9gis Lemberthe<\/strong><\/p>\n\n\n\n<p>Title of the piece: Brutalist skateboard<\/p>\n\n\n\n<p>Technique: Wood, concrete, electronics | Year: 2017<\/p>\n\n\n\n<div style=\"height:20px\" aria-hidden=\"true\" class=\"wp-block-spacer\"><\/div>\n\n\n\n<figure class=\"wp-block-image\"><img loading=\"lazy\" decoding=\"async\" width=\"683\" height=\"1024\" src=\"http:\/\/www.kamil.ch\/blog\/wp-content\/uploads\/2019\/08\/251_regis-683x1024.jpg\" alt=\"\" class=\"wp-image-257\" srcset=\"https:\/\/www.kamil.ch\/blog\/wp-content\/uploads\/2019\/08\/251_regis-683x1024.jpg 683w, https:\/\/www.kamil.ch\/blog\/wp-content\/uploads\/2019\/08\/251_regis-200x300.jpg 200w, https:\/\/www.kamil.ch\/blog\/wp-content\/uploads\/2019\/08\/251_regis-768x1152.jpg 768w, https:\/\/www.kamil.ch\/blog\/wp-content\/uploads\/2019\/08\/251_regis.jpg 800w\" sizes=\"auto, (max-width: 683px) 100vw, 683px\" \/><\/figure>\n\n\n\n<figure class=\"wp-block-image\"><img loading=\"lazy\" decoding=\"async\" width=\"1024\" height=\"683\" src=\"http:\/\/www.kamil.ch\/blog\/wp-content\/uploads\/2019\/08\/250_regis-1024x683.jpg\" alt=\"\" class=\"wp-image-256\" srcset=\"https:\/\/www.kamil.ch\/blog\/wp-content\/uploads\/2019\/08\/250_regis-1024x683.jpg 1024w, https:\/\/www.kamil.ch\/blog\/wp-content\/uploads\/2019\/08\/250_regis-300x200.jpg 300w, https:\/\/www.kamil.ch\/blog\/wp-content\/uploads\/2019\/08\/250_regis-768x512.jpg 768w, https:\/\/www.kamil.ch\/blog\/wp-content\/uploads\/2019\/08\/250_regis.jpg 1200w\" sizes=\"auto, (max-width: 1024px) 100vw, 1024px\" \/><\/figure>\n\n\n\n<div style=\"height:20px\" aria-hidden=\"true\" class=\"wp-block-spacer\"><\/div>\n\n\n\n<p>Boasting homemade concrete wheels, this brutalist skateboard rests on a shelf made from the same wood it was sculpted in, a block of sto\u2026 reclaimed roadwork wood covered in microphoned rubber. Give it a gentle nudge and enjoy the sound of the ground rolling on the wheels.<\/p>\n\n\n\n<div style=\"height:30px\" aria-hidden=\"true\" class=\"wp-block-spacer\"><\/div>\n\n\n\n<p><strong>Illustrator: Sarah Marschall<\/strong><\/p>\n\n\n\n<p>Title of the piece: Dreamer<\/p>\n\n\n\n<p>Technique: Acryl marker and marble colours | Year: 2017<\/p>\n\n\n\n<div style=\"height:20px\" aria-hidden=\"true\" class=\"wp-block-spacer\"><\/div>\n\n\n\n<figure class=\"wp-block-image\"><img loading=\"lazy\" decoding=\"async\" width=\"683\" height=\"1024\" src=\"http:\/\/www.kamil.ch\/blog\/wp-content\/uploads\/2019\/08\/276_sarah-683x1024.jpg\" alt=\"\" class=\"wp-image-258\" srcset=\"https:\/\/www.kamil.ch\/blog\/wp-content\/uploads\/2019\/08\/276_sarah-683x1024.jpg 683w, https:\/\/www.kamil.ch\/blog\/wp-content\/uploads\/2019\/08\/276_sarah-200x300.jpg 200w, https:\/\/www.kamil.ch\/blog\/wp-content\/uploads\/2019\/08\/276_sarah-768x1152.jpg 768w, https:\/\/www.kamil.ch\/blog\/wp-content\/uploads\/2019\/08\/276_sarah.jpg 800w\" sizes=\"auto, (max-width: 683px) 100vw, 683px\" \/><\/figure>\n\n\n\n<figure class=\"wp-block-image\"><img loading=\"lazy\" decoding=\"async\" width=\"683\" height=\"1024\" src=\"http:\/\/www.kamil.ch\/blog\/wp-content\/uploads\/2019\/08\/278_sarah-683x1024.jpg\" alt=\"\" class=\"wp-image-259\" srcset=\"https:\/\/www.kamil.ch\/blog\/wp-content\/uploads\/2019\/08\/278_sarah-683x1024.jpg 683w, https:\/\/www.kamil.ch\/blog\/wp-content\/uploads\/2019\/08\/278_sarah-200x300.jpg 200w, https:\/\/www.kamil.ch\/blog\/wp-content\/uploads\/2019\/08\/278_sarah-768x1152.jpg 768w, https:\/\/www.kamil.ch\/blog\/wp-content\/uploads\/2019\/08\/278_sarah.jpg 800w\" sizes=\"auto, (max-width: 683px) 100vw, 683px\" \/><\/figure>\n\n\n\n<div style=\"height:20px\" aria-hidden=\"true\" class=\"wp-block-spacer\"><\/div>\n\n\n\n<p>Skate, tune out and dream \u2026 let go and feel free. Molotow marker and marble colours on wood.<\/p>\n\n\n\n<div style=\"height:30px\" aria-hidden=\"true\" class=\"wp-block-spacer\"><\/div>\n\n\n\n<p><strong>Designer: Silvia Guiz\u00e1n Sarmiento<\/strong><\/p>\n\n\n\n<p>Title of the piece: Tapedecks<\/p>\n\n\n\n<p>Technique: Grip tape | Year: 2017<\/p>\n\n\n\n<div style=\"height:20px\" aria-hidden=\"true\" class=\"wp-block-spacer\"><\/div>\n\n\n\n<figure class=\"wp-block-image\"><img loading=\"lazy\" decoding=\"async\" width=\"683\" height=\"1024\" src=\"http:\/\/www.kamil.ch\/blog\/wp-content\/uploads\/2019\/08\/270_silvia-683x1024.jpg\" alt=\"\" class=\"wp-image-260\" srcset=\"https:\/\/www.kamil.ch\/blog\/wp-content\/uploads\/2019\/08\/270_silvia-683x1024.jpg 683w, https:\/\/www.kamil.ch\/blog\/wp-content\/uploads\/2019\/08\/270_silvia-200x300.jpg 200w, https:\/\/www.kamil.ch\/blog\/wp-content\/uploads\/2019\/08\/270_silvia-768x1152.jpg 768w, https:\/\/www.kamil.ch\/blog\/wp-content\/uploads\/2019\/08\/270_silvia.jpg 800w\" sizes=\"auto, (max-width: 683px) 100vw, 683px\" \/><\/figure>\n\n\n\n<div style=\"height:20px\" aria-hidden=\"true\" class=\"wp-block-spacer\"><\/div>\n\n\n\n<p>Hello! It\u00b4s me, Silvia. Born in the &#8217;80s of the Holy macanoli! und Haway que guay!<br> Just take a deck and put there some tape, or make a tape with tape on a deck, or just put something else on it. At the end it\u00b4s just a tapedeck, I mean tape-deck, I mean deck tape \u2026 Whatever! Thinking too much about a problem won&#8217;t make it necessarily easy to solve.<\/p>\n\n\n\n<div style=\"height:30px\" aria-hidden=\"true\" class=\"wp-block-spacer\"><\/div>\n\n\n\n<p><strong>Designer and illustrator: Tom McClean<\/strong><\/p>\n\n\n\n<p>Title of the piece: Lucid lines<\/p>\n\n\n\n<p>Technique: Chinese inks and brushes | Year: 2017<\/p>\n\n\n\n<div style=\"height:20px\" aria-hidden=\"true\" class=\"wp-block-spacer\"><\/div>\n\n\n\n<figure class=\"wp-block-image\"><img loading=\"lazy\" decoding=\"async\" width=\"683\" height=\"1024\" src=\"http:\/\/www.kamil.ch\/blog\/wp-content\/uploads\/2019\/08\/290_tom-683x1024.jpg\" alt=\"\" class=\"wp-image-261\" srcset=\"https:\/\/www.kamil.ch\/blog\/wp-content\/uploads\/2019\/08\/290_tom-683x1024.jpg 683w, https:\/\/www.kamil.ch\/blog\/wp-content\/uploads\/2019\/08\/290_tom-200x300.jpg 200w, https:\/\/www.kamil.ch\/blog\/wp-content\/uploads\/2019\/08\/290_tom-768x1152.jpg 768w, https:\/\/www.kamil.ch\/blog\/wp-content\/uploads\/2019\/08\/290_tom.jpg 800w\" sizes=\"auto, (max-width: 683px) 100vw, 683px\" \/><\/figure>\n\n\n\n<div style=\"height:20px\" aria-hidden=\"true\" class=\"wp-block-spacer\"><\/div>\n\n\n\n<p>My concept has been mainly inspired by the unique form of the canvas defined by the skate deck, as-well-as the infamous phrase synonymous with skating: \u2018skate or die!\u2019. The meaning of this phrase for me is that skating is not just a sport, but an all-encompassing lifestyle. In Barcelona, where I live this is certainly the case, which why I chose to incorporate some elements of the city as well. The skateboard acts as an x-ray shining light on the inner-being of the heroine and exposing her soul.<\/p>\n","protected":false},"excerpt":{"rendered":"<p>Skateboard Art Show This exhibition presented a collection of artworks by international artists, designers, illustrators, comic and graffiti artists and more who have used skateboards as their inspiration and medium. &#8230;<\/p>\n","protected":false},"author":1,"featured_media":0,"parent":0,"menu_order":0,"comment_status":"closed","ping_status":"closed","template":"","meta":{"inline_featured_image":false,"footnotes":""},"class_list":["post-33","page","type-page","status-publish","hentry"],"_links":{"self":[{"href":"https:\/\/www.kamil.ch\/blog\/wp-json\/wp\/v2\/pages\/33","targetHints":{"allow":["GET"]}}],"collection":[{"href":"https:\/\/www.kamil.ch\/blog\/wp-json\/wp\/v2\/pages"}],"about":[{"href":"https:\/\/www.kamil.ch\/blog\/wp-json\/wp\/v2\/types\/page"}],"author":[{"embeddable":true,"href":"https:\/\/www.kamil.ch\/blog\/wp-json\/wp\/v2\/users\/1"}],"replies":[{"embeddable":true,"href":"https:\/\/www.kamil.ch\/blog\/wp-json\/wp\/v2\/comments?post=33"}],"version-history":[{"count":54,"href":"https:\/\/www.kamil.ch\/blog\/wp-json\/wp\/v2\/pages\/33\/revisions"}],"predecessor-version":[{"id":7248,"href":"https:\/\/www.kamil.ch\/blog\/wp-json\/wp\/v2\/pages\/33\/revisions\/7248"}],"wp:attachment":[{"href":"https:\/\/www.kamil.ch\/blog\/wp-json\/wp\/v2\/media?parent=33"}],"curies":[{"name":"wp","href":"https:\/\/api.w.org\/{rel}","templated":true}]}}