{"id":2538,"date":"2020-04-13T18:52:27","date_gmt":"2020-04-13T16:52:27","guid":{"rendered":"https:\/\/www.kamil.ch\/blog\/?page_id=2538"},"modified":"2024-01-21T22:37:32","modified_gmt":"2024-01-21T21:37:32","slug":"praesentationsdesign","status":"publish","type":"page","link":"https:\/\/www.kamil.ch\/blog\/praesentationsdesign\/","title":{"rendered":"Pr\u00e4sentationsdesign"},"content":{"rendered":"\n<h2 class=\"wp-block-heading\">Pr\u00e4sentationsdesign<\/h2>\n\n\n\n<h3 class=\"wp-block-heading\">Entwicklung hochwertiger Pr\u00e4sentationen<\/h3>\n\n\n\n<p>Eines meiner Fachgebiete ist das gestalterische und technische Umsetzen von Kommunikations-, Kampagnen- und Vertriebskonzepten. Dabei entwickele ich grafisch hochwertige Pr\u00e4sentationen und Pr\u00e4sentationsvorlagen im direkten Kundengespr\u00e4ch, unterst\u00fctze mit kreativen Vorschl\u00e4gen und beantworte technische Fragen.<\/p>\n\n\n\n<div aria-hidden=\"true\" class=\"wp-block-fsb-flexible-spacer fsb-flexible-spacer\"><div class=\"fsb-flexible-spacer__device fsb-flexible-spacer__device--lg\" style=\"height:23px\"><\/div><div class=\"fsb-flexible-spacer__device fsb-flexible-spacer__device--md\" style=\"height:15px\"><\/div><div class=\"fsb-flexible-spacer__device fsb-flexible-spacer__device--sm\" style=\"height:10px\"><\/div><\/div>\n\n\n\n<figure class=\"wp-block-image size-large\"><img loading=\"lazy\" decoding=\"async\" width=\"1024\" height=\"448\" src=\"https:\/\/www.kamil.ch\/blog\/wp-content\/uploads\/2021\/01\/praesentationsdesign-1024x448.jpg\" alt=\"example picture for presentation design\" class=\"wp-image-4670\" srcset=\"https:\/\/www.kamil.ch\/blog\/wp-content\/uploads\/2021\/01\/praesentationsdesign-1024x448.jpg 1024w, https:\/\/www.kamil.ch\/blog\/wp-content\/uploads\/2021\/01\/praesentationsdesign-300x131.jpg 300w, https:\/\/www.kamil.ch\/blog\/wp-content\/uploads\/2021\/01\/praesentationsdesign-768x336.jpg 768w, https:\/\/www.kamil.ch\/blog\/wp-content\/uploads\/2021\/01\/praesentationsdesign-1536x672.jpg 1536w, https:\/\/www.kamil.ch\/blog\/wp-content\/uploads\/2021\/01\/praesentationsdesign.jpg 1600w\" sizes=\"auto, (max-width: 1024px) 100vw, 1024px\" \/><\/figure>\n\n\n\n<p style=\"font-size:13px;\">Abbildung: Event-Pr\u00e4sentation f\u00fcr die Firma Interhyp, realisiert f\u00fcr <a rel=\"noreferrer noopener\" href=\"https:\/\/www.dreinull.berlin\/\" target=\"_blank\">Dreinull<\/a><\/p>\n\n\n\n<div aria-hidden=\"true\" class=\"wp-block-fsb-flexible-spacer fsb-flexible-spacer\"><div class=\"fsb-flexible-spacer__device fsb-flexible-spacer__device--lg\" style=\"height:26px\"><\/div><div class=\"fsb-flexible-spacer__device fsb-flexible-spacer__device--md\" style=\"height:26px\"><\/div><div class=\"fsb-flexible-spacer__device fsb-flexible-spacer__device--sm\" style=\"height:16px\"><\/div><\/div>\n\n\n\n<figure class=\"wp-block-image size-large\"><img loading=\"lazy\" decoding=\"async\" width=\"1024\" height=\"576\" src=\"https:\/\/www.kamil.ch\/blog\/wp-content\/uploads\/2023\/03\/PowerPoint_INQA_-Personalplanung_v5b_150ppi_kf_Seite_18-1024x576.png\" alt=\"\" class=\"wp-image-7956\" srcset=\"https:\/\/www.kamil.ch\/blog\/wp-content\/uploads\/2023\/03\/PowerPoint_INQA_-Personalplanung_v5b_150ppi_kf_Seite_18-1024x576.png 1024w, https:\/\/www.kamil.ch\/blog\/wp-content\/uploads\/2023\/03\/PowerPoint_INQA_-Personalplanung_v5b_150ppi_kf_Seite_18-300x169.png 300w, https:\/\/www.kamil.ch\/blog\/wp-content\/uploads\/2023\/03\/PowerPoint_INQA_-Personalplanung_v5b_150ppi_kf_Seite_18-768x432.png 768w, https:\/\/www.kamil.ch\/blog\/wp-content\/uploads\/2023\/03\/PowerPoint_INQA_-Personalplanung_v5b_150ppi_kf_Seite_18-1536x864.png 1536w, https:\/\/www.kamil.ch\/blog\/wp-content\/uploads\/2023\/03\/PowerPoint_INQA_-Personalplanung_v5b_150ppi_kf_Seite_18-2048x1152.png 2048w\" sizes=\"auto, (max-width: 1024px) 100vw, 1024px\" \/><\/figure>\n\n\n\n<p style=\"font-size:13px;\">Abbildung: Auszug aus einer INQA-Pr\u00e4sentation, realisiert f\u00fcr Metagate<\/p>\n\n\n\n<div aria-hidden=\"true\" class=\"wp-block-fsb-flexible-spacer fsb-flexible-spacer\"><div class=\"fsb-flexible-spacer__device fsb-flexible-spacer__device--lg\" style=\"height:26px\"><\/div><div class=\"fsb-flexible-spacer__device fsb-flexible-spacer__device--md\" style=\"height:26px\"><\/div><div class=\"fsb-flexible-spacer__device fsb-flexible-spacer__device--sm\" style=\"height:16px\"><\/div><\/div>\n\n\n\n<figure class=\"wp-block-image size-large\"><img loading=\"lazy\" decoding=\"async\" width=\"1024\" height=\"576\" src=\"https:\/\/www.kamil.ch\/blog\/wp-content\/uploads\/2023\/03\/vw-ppt-1-1024x576.png\" alt=\"\" class=\"wp-image-7974\" srcset=\"https:\/\/www.kamil.ch\/blog\/wp-content\/uploads\/2023\/03\/vw-ppt-1-1024x576.png 1024w, https:\/\/www.kamil.ch\/blog\/wp-content\/uploads\/2023\/03\/vw-ppt-1-300x169.png 300w, https:\/\/www.kamil.ch\/blog\/wp-content\/uploads\/2023\/03\/vw-ppt-1-768x432.png 768w, https:\/\/www.kamil.ch\/blog\/wp-content\/uploads\/2023\/03\/vw-ppt-1-1536x864.png 1536w, https:\/\/www.kamil.ch\/blog\/wp-content\/uploads\/2023\/03\/vw-ppt-1-2048x1152.png 2048w\" sizes=\"auto, (max-width: 1024px) 100vw, 1024px\" \/><\/figure>\n\n\n\n<p style=\"font-size:13px;\">Abbildung: Auszug aus einer Volkswagen-Pr\u00e4sentation, realisiert f\u00fcr Metagate<\/p>\n\n\n\n<div aria-hidden=\"true\" class=\"wp-block-fsb-flexible-spacer fsb-flexible-spacer\"><div class=\"fsb-flexible-spacer__device fsb-flexible-spacer__device--lg\" style=\"height:26px\"><\/div><div class=\"fsb-flexible-spacer__device fsb-flexible-spacer__device--md\" style=\"height:26px\"><\/div><div class=\"fsb-flexible-spacer__device fsb-flexible-spacer__device--sm\" style=\"height:16px\"><\/div><\/div>\n\n\n\n<figure class=\"wp-block-image size-large\"><img loading=\"lazy\" decoding=\"async\" width=\"1024\" height=\"546\" src=\"https:\/\/www.kamil.ch\/blog\/wp-content\/uploads\/2021\/01\/T-Systems-1024x546.png\" alt=\"\" class=\"wp-image-4783\" srcset=\"https:\/\/www.kamil.ch\/blog\/wp-content\/uploads\/2021\/01\/T-Systems-1024x546.png 1024w, https:\/\/www.kamil.ch\/blog\/wp-content\/uploads\/2021\/01\/T-Systems-300x160.png 300w, https:\/\/www.kamil.ch\/blog\/wp-content\/uploads\/2021\/01\/T-Systems-768x410.png 768w, https:\/\/www.kamil.ch\/blog\/wp-content\/uploads\/2021\/01\/T-Systems.png 1200w\" sizes=\"auto, (max-width: 1024px) 100vw, 1024px\" \/><\/figure>\n\n\n\n<p style=\"font-size:13px;\">Abbildung: T-Systems Unternehmenspr\u00e4sentation, jahrelang realisiert f\u00fcr Zweimaleins<\/p>\n\n\n\n<div aria-hidden=\"true\" class=\"wp-block-fsb-flexible-spacer fsb-flexible-spacer\"><div class=\"fsb-flexible-spacer__device fsb-flexible-spacer__device--lg\" style=\"height:27px\"><\/div><div class=\"fsb-flexible-spacer__device fsb-flexible-spacer__device--md\" style=\"height:27px\"><\/div><div class=\"fsb-flexible-spacer__device fsb-flexible-spacer__device--sm\" style=\"height:17px\"><\/div><\/div>\n\n\n\n<figure class=\"wp-block-image size-large\"><img loading=\"lazy\" decoding=\"async\" width=\"1024\" height=\"546\" src=\"https:\/\/www.kamil.ch\/blog\/wp-content\/uploads\/2021\/01\/Hella-1024x546.png\" alt=\"\" class=\"wp-image-4786\" srcset=\"https:\/\/www.kamil.ch\/blog\/wp-content\/uploads\/2021\/01\/Hella-1024x546.png 1024w, https:\/\/www.kamil.ch\/blog\/wp-content\/uploads\/2021\/01\/Hella-300x160.png 300w, https:\/\/www.kamil.ch\/blog\/wp-content\/uploads\/2021\/01\/Hella-768x410.png 768w, https:\/\/www.kamil.ch\/blog\/wp-content\/uploads\/2021\/01\/Hella.png 1200w\" sizes=\"auto, (max-width: 1024px) 100vw, 1024px\" \/><\/figure>\n\n\n\n<p style=\"font-size:13px;\">Abbildung: HELLA Vertriebspr\u00e4sentation, realisiert f\u00fcr <a rel=\"noreferrer noopener\" href=\"http:\/\/saatchi.de\/\" target=\"_blank\">Saatchi &amp; Saatchi Pro<\/a><\/p>\n\n\n\n<div aria-hidden=\"true\" class=\"wp-block-fsb-flexible-spacer fsb-flexible-spacer\"><div class=\"fsb-flexible-spacer__device fsb-flexible-spacer__device--lg\" style=\"height:27px\"><\/div><div class=\"fsb-flexible-spacer__device fsb-flexible-spacer__device--md\" style=\"height:27px\"><\/div><div class=\"fsb-flexible-spacer__device fsb-flexible-spacer__device--sm\" style=\"height:17px\"><\/div><\/div>\n\n\n\n<figure class=\"wp-block-image size-large\"><img loading=\"lazy\" decoding=\"async\" width=\"1024\" height=\"384\" src=\"https:\/\/www.kamil.ch\/blog\/wp-content\/uploads\/2022\/05\/dreinull-symphony-of-now-1-1024x384.jpg\" alt=\"\" class=\"wp-image-7819\" srcset=\"https:\/\/www.kamil.ch\/blog\/wp-content\/uploads\/2022\/05\/dreinull-symphony-of-now-1-1024x384.jpg 1024w, https:\/\/www.kamil.ch\/blog\/wp-content\/uploads\/2022\/05\/dreinull-symphony-of-now-1-300x113.jpg 300w, https:\/\/www.kamil.ch\/blog\/wp-content\/uploads\/2022\/05\/dreinull-symphony-of-now-1-768x288.jpg 768w, https:\/\/www.kamil.ch\/blog\/wp-content\/uploads\/2022\/05\/dreinull-symphony-of-now-1-1536x576.jpg 1536w, https:\/\/www.kamil.ch\/blog\/wp-content\/uploads\/2022\/05\/dreinull-symphony-of-now-1.jpg 1600w\" sizes=\"auto, (max-width: 1024px) 100vw, 1024px\" \/><\/figure>\n\n\n\n<p style=\"font-size:13px;\">Abbildung: Eventkonzept (Pr\u00e4sentation), realisiert f\u00fcr <a rel=\"noreferrer noopener\" href=\"https:\/\/www.dreinull.berlin\/\" target=\"_blank\">Dreinull<\/a><\/p>\n\n\n\n<div aria-hidden=\"true\" class=\"wp-block-fsb-flexible-spacer fsb-flexible-spacer\"><div class=\"fsb-flexible-spacer__device fsb-flexible-spacer__device--lg\" style=\"height:27px\"><\/div><div class=\"fsb-flexible-spacer__device fsb-flexible-spacer__device--md\" style=\"height:27px\"><\/div><div class=\"fsb-flexible-spacer__device fsb-flexible-spacer__device--sm\" style=\"height:17px\"><\/div><\/div>\n\n\n\n<figure class=\"wp-block-image size-large\"><img loading=\"lazy\" decoding=\"async\" width=\"1024\" height=\"384\" src=\"https:\/\/www.kamil.ch\/blog\/wp-content\/uploads\/2022\/05\/dreinull-intersport-1024x384.jpg\" alt=\"\" class=\"wp-image-7807\" srcset=\"https:\/\/www.kamil.ch\/blog\/wp-content\/uploads\/2022\/05\/dreinull-intersport-1024x384.jpg 1024w, https:\/\/www.kamil.ch\/blog\/wp-content\/uploads\/2022\/05\/dreinull-intersport-300x113.jpg 300w, https:\/\/www.kamil.ch\/blog\/wp-content\/uploads\/2022\/05\/dreinull-intersport-768x288.jpg 768w, https:\/\/www.kamil.ch\/blog\/wp-content\/uploads\/2022\/05\/dreinull-intersport-1536x576.jpg 1536w, https:\/\/www.kamil.ch\/blog\/wp-content\/uploads\/2022\/05\/dreinull-intersport.jpg 1600w\" sizes=\"auto, (max-width: 1024px) 100vw, 1024px\" \/><\/figure>\n\n\n\n<p style=\"font-size:13px;\">Abbildung: Intersport Eventkonzept (Pr\u00e4sentation), realisiert f\u00fcr <a rel=\"noreferrer noopener\" href=\"https:\/\/www.dreinull.berlin\/\" target=\"_blank\">Dreinull<\/a><\/p>\n\n\n\n<div aria-hidden=\"true\" class=\"wp-block-fsb-flexible-spacer fsb-flexible-spacer\"><div class=\"fsb-flexible-spacer__device fsb-flexible-spacer__device--lg\" style=\"height:27px\"><\/div><div class=\"fsb-flexible-spacer__device fsb-flexible-spacer__device--md\" style=\"height:27px\"><\/div><div class=\"fsb-flexible-spacer__device fsb-flexible-spacer__device--sm\" style=\"height:17px\"><\/div><\/div>\n\n\n\n<figure class=\"wp-block-image size-large\"><img loading=\"lazy\" decoding=\"async\" width=\"1024\" height=\"384\" src=\"https:\/\/www.kamil.ch\/blog\/wp-content\/uploads\/2022\/05\/dreinull-bmw-1-1024x384.jpg\" alt=\"\" class=\"wp-image-7817\" srcset=\"https:\/\/www.kamil.ch\/blog\/wp-content\/uploads\/2022\/05\/dreinull-bmw-1-1024x384.jpg 1024w, https:\/\/www.kamil.ch\/blog\/wp-content\/uploads\/2022\/05\/dreinull-bmw-1-300x113.jpg 300w, https:\/\/www.kamil.ch\/blog\/wp-content\/uploads\/2022\/05\/dreinull-bmw-1-768x288.jpg 768w, https:\/\/www.kamil.ch\/blog\/wp-content\/uploads\/2022\/05\/dreinull-bmw-1-1536x576.jpg 1536w, https:\/\/www.kamil.ch\/blog\/wp-content\/uploads\/2022\/05\/dreinull-bmw-1.jpg 1600w\" sizes=\"auto, (max-width: 1024px) 100vw, 1024px\" \/><\/figure>\n\n\n\n<p style=\"font-size:13px;\">Abbildung: BMW Eventkonzept (Pr\u00e4sentation), realisiert f\u00fcr <a rel=\"noreferrer noopener\" href=\"https:\/\/www.dreinull.berlin\/\" target=\"_blank\">Dreinull<\/a><\/p>\n\n\n\n<div aria-hidden=\"true\" class=\"wp-block-fsb-flexible-spacer fsb-flexible-spacer\"><div class=\"fsb-flexible-spacer__device fsb-flexible-spacer__device--lg\" style=\"height:27px\"><\/div><div class=\"fsb-flexible-spacer__device fsb-flexible-spacer__device--md\" style=\"height:27px\"><\/div><div class=\"fsb-flexible-spacer__device fsb-flexible-spacer__device--sm\" style=\"height:17px\"><\/div><\/div>\n\n\n\n<figure class=\"wp-block-image size-large\"><img loading=\"lazy\" decoding=\"async\" width=\"1024\" height=\"384\" src=\"https:\/\/www.kamil.ch\/blog\/wp-content\/uploads\/2022\/05\/dreinull-vw-1024x384.jpg\" alt=\"\" class=\"wp-image-7808\" srcset=\"https:\/\/www.kamil.ch\/blog\/wp-content\/uploads\/2022\/05\/dreinull-vw-1024x384.jpg 1024w, https:\/\/www.kamil.ch\/blog\/wp-content\/uploads\/2022\/05\/dreinull-vw-300x113.jpg 300w, https:\/\/www.kamil.ch\/blog\/wp-content\/uploads\/2022\/05\/dreinull-vw-768x288.jpg 768w, https:\/\/www.kamil.ch\/blog\/wp-content\/uploads\/2022\/05\/dreinull-vw-1536x576.jpg 1536w, https:\/\/www.kamil.ch\/blog\/wp-content\/uploads\/2022\/05\/dreinull-vw.jpg 1600w\" sizes=\"auto, (max-width: 1024px) 100vw, 1024px\" \/><\/figure>\n\n\n\n<p style=\"font-size:13px;\">Abbildung: AUDI Eventkonzept (Pr\u00e4sentation), realisiert f\u00fcr <a rel=\"noreferrer noopener\" href=\"https:\/\/www.dreinull.berlin\/\" target=\"_blank\">Dreinull<\/a><\/p>\n\n\n\n<div aria-hidden=\"true\" class=\"wp-block-fsb-flexible-spacer fsb-flexible-spacer\"><div class=\"fsb-flexible-spacer__device fsb-flexible-spacer__device--lg\" style=\"height:27px\"><\/div><div class=\"fsb-flexible-spacer__device fsb-flexible-spacer__device--md\" style=\"height:27px\"><\/div><div class=\"fsb-flexible-spacer__device fsb-flexible-spacer__device--sm\" style=\"height:17px\"><\/div><\/div>\n\n\n\n<figure class=\"wp-block-image size-large\"><img loading=\"lazy\" decoding=\"async\" width=\"1024\" height=\"546\" src=\"https:\/\/www.kamil.ch\/blog\/wp-content\/uploads\/2021\/01\/Ticketmaster-1024x546.png\" alt=\"\" class=\"wp-image-4805\" srcset=\"https:\/\/www.kamil.ch\/blog\/wp-content\/uploads\/2021\/01\/Ticketmaster-1024x546.png 1024w, https:\/\/www.kamil.ch\/blog\/wp-content\/uploads\/2021\/01\/Ticketmaster-300x160.png 300w, https:\/\/www.kamil.ch\/blog\/wp-content\/uploads\/2021\/01\/Ticketmaster-768x410.png 768w, https:\/\/www.kamil.ch\/blog\/wp-content\/uploads\/2021\/01\/Ticketmaster.png 1200w\" sizes=\"auto, (max-width: 1024px) 100vw, 1024px\" \/><\/figure>\n\n\n\n<p style=\"font-size:13px;\">Abbildung: Ticketmaster f\u00fcr den DFB (Pr\u00e4sentation), realisiert f\u00fcr die Zweimaleins GmbH<\/p>\n\n\n\n<div aria-hidden=\"true\" class=\"wp-block-fsb-flexible-spacer fsb-flexible-spacer\"><div class=\"fsb-flexible-spacer__device fsb-flexible-spacer__device--lg\" style=\"height:51px\"><\/div><div class=\"fsb-flexible-spacer__device fsb-flexible-spacer__device--md\" style=\"height:51px\"><\/div><div class=\"fsb-flexible-spacer__device fsb-flexible-spacer__device--sm\" style=\"height:30px\"><\/div><\/div>\n\n\n\n<hr class=\"wp-block-separator has-css-opacity is-style-wide\"\/>\n\n\n\n<div aria-hidden=\"true\" class=\"wp-block-fsb-flexible-spacer fsb-flexible-spacer\"><div class=\"fsb-flexible-spacer__device fsb-flexible-spacer__device--lg\" style=\"height:20px\"><\/div><div class=\"fsb-flexible-spacer__device fsb-flexible-spacer__device--md\" style=\"height:20px\"><\/div><div class=\"fsb-flexible-spacer__device fsb-flexible-spacer__device--sm\" style=\"height:10px\"><\/div><\/div>\n\n\n\n<h3 class=\"wp-block-heading\">Mein Leistungsspektrum<\/h3>\n\n\n\n<ul class=\"wp-block-list\">\n<li>Layout ganzer Pr\u00e4sentationen oder einzelner Folien<\/li>\n\n\n\n<li>Designrichtlinien (Styleguide) erstellen<\/li>\n\n\n\n<li>Zusammenf\u00fchrung von Kunden-, Dienstleister- und Konzeptinhalten<\/li>\n\n\n\n<li>Pr\u00e4sentationsvorlagen neu- oder weiterentwickeln <\/li>\n\n\n\n<li>Inhaltsunterst\u00fctzende Bild- und Grafikrecherchen<\/li>\n\n\n\n<li>Fotoretusche, Freistellen und andere Bildkorrekturen<\/li>\n\n\n\n<li>Stilistisch einheitliche Fotostrecken (bei passendem Projektbudget)<\/li>\n\n\n\n<li>Interessante Bildkompositionen kreieren<\/li>\n\n\n\n<li>Inhaltsrelevante Illustrationen, Infografiken, Schaubilder und Icons<\/li>\n\n\n\n<li>Titelbild, Key-Visuals und Hintergrundbilder entwickeln<\/li>\n\n\n\n<li>Animationen realisieren<\/li>\n\n\n\n<li>Interaktion in Folien<\/li>\n\n\n\n<li>Informationen und abstrakte Daten gut erfassbar visualisieren<\/li>\n\n\n\n<li>Diagramme und Tabellen aufbereiten<\/li>\n\n\n\n<li>Reinzeichnung technisch einwandfrei umsetzen<\/li>\n\n\n\n<li>Dateigr\u00f6\u00dfe optimieren<\/li>\n<\/ul>\n\n\n\n<div aria-hidden=\"true\" class=\"wp-block-fsb-flexible-spacer fsb-flexible-spacer\"><div class=\"fsb-flexible-spacer__device fsb-flexible-spacer__device--lg\" style=\"height:35px\"><\/div><div class=\"fsb-flexible-spacer__device fsb-flexible-spacer__device--md\" style=\"height:35px\"><\/div><div class=\"fsb-flexible-spacer__device fsb-flexible-spacer__device--sm\" style=\"height:10px\"><\/div><\/div>\n\n\n\n<hr class=\"wp-block-separator has-css-opacity is-style-wide\"\/>\n\n\n\n<div aria-hidden=\"true\" class=\"wp-block-fsb-flexible-spacer fsb-flexible-spacer\"><div class=\"fsb-flexible-spacer__device fsb-flexible-spacer__device--lg\" style=\"height:20px\"><\/div><div class=\"fsb-flexible-spacer__device fsb-flexible-spacer__device--md\" style=\"height:20px\"><\/div><div class=\"fsb-flexible-spacer__device fsb-flexible-spacer__device--sm\" style=\"height:10px\"><\/div><\/div>\n\n\n\n<h3 class=\"wp-block-heading\">Welche Pr\u00e4sentationsart ben\u00f6tigen Sie?<\/h3>\n\n\n\n<ul class=\"wp-block-list\">\n<li>Unternehmenspr\u00e4sentation, Portfolio und Arbeitsprobe<\/li>\n\n\n\n<li>Eventpr\u00e4sentation f\u00fcr Konferenzen, Keynotes oder Messen<\/li>\n\n\n\n<li>Wissenschaftliche Vortr\u00e4ge<\/li>\n\n\n\n<li>Externe Kommunikation und \u00d6ffentlichkeitsarbeit<\/li>\n\n\n\n<li>Vertriebspr\u00e4sentationen<\/li>\n\n\n\n<li>Verkaufspr\u00e4sentationen<\/li>\n\n\n\n<li>Sales Pitch und Investorenpr\u00e4sentationen<\/li>\n\n\n\n<li>Produktpr\u00e4sentationen<\/li>\n\n\n\n<li>Strategiekonzepte<\/li>\n\n\n\n<li>Marketing-, und Kampagnenkonzepte<\/li>\n\n\n\n<li>Agenturpitch<\/li>\n\n\n\n<li>Leistungsvorstellungen, Neukunden- oder Etatbeschaffung<\/li>\n\n\n\n<li>Pr\u00e4sentation des Managements<\/li>\n\n\n\n<li>Quartals-, Halbjahres- und Jahresberichte<\/li>\n\n\n\n<li>Firmenveranstaltungen, Ausfl\u00fcge<\/li>\n\n\n\n<li>Jahresr\u00fcckblick oder Firmenjubil\u00e4um<\/li>\n\n\n\n<li>Firmeninterne Meetings<\/li>\n\n\n\n<li>Planung, Prozesse und Ver\u00e4nderungen kommunizieren<\/li>\n\n\n\n<li>Workshops, Coachings und Teambuilding-Ma\u00dfnahmen<\/li>\n\n\n\n<li>Beratung, Wissensvermittlung, Schulungen und Seminare<\/li>\n<\/ul>\n\n\n\n<div aria-hidden=\"true\" class=\"wp-block-fsb-flexible-spacer fsb-flexible-spacer\"><div class=\"fsb-flexible-spacer__device fsb-flexible-spacer__device--lg\" style=\"height:51px\"><\/div><div class=\"fsb-flexible-spacer__device fsb-flexible-spacer__device--md\" style=\"height:51px\"><\/div><div class=\"fsb-flexible-spacer__device fsb-flexible-spacer__device--sm\" style=\"height:30px\"><\/div><\/div>\n","protected":false},"excerpt":{"rendered":"<p>Pr\u00e4sentationsdesign Entwicklung hochwertiger Pr\u00e4sentationen Eines meiner Fachgebiete ist das gestalterische und technische Umsetzen von Kommunikations-, Kampagnen- und Vertriebskonzepten. Dabei entwickele ich grafisch hochwertige Pr\u00e4sentationen und Pr\u00e4sentationsvorlagen im direkten Kundengespr\u00e4ch, unterst\u00fctze &#8230;<\/p>\n","protected":false},"author":1,"featured_media":0,"parent":0,"menu_order":0,"comment_status":"closed","ping_status":"closed","template":"","meta":{"inline_featured_image":false,"footnotes":""},"class_list":["post-2538","page","type-page","status-publish","hentry"],"_links":{"self":[{"href":"https:\/\/www.kamil.ch\/blog\/wp-json\/wp\/v2\/pages\/2538","targetHints":{"allow":["GET"]}}],"collection":[{"href":"https:\/\/www.kamil.ch\/blog\/wp-json\/wp\/v2\/pages"}],"about":[{"href":"https:\/\/www.kamil.ch\/blog\/wp-json\/wp\/v2\/types\/page"}],"author":[{"embeddable":true,"href":"https:\/\/www.kamil.ch\/blog\/wp-json\/wp\/v2\/users\/1"}],"replies":[{"embeddable":true,"href":"https:\/\/www.kamil.ch\/blog\/wp-json\/wp\/v2\/comments?post=2538"}],"version-history":[{"count":414,"href":"https:\/\/www.kamil.ch\/blog\/wp-json\/wp\/v2\/pages\/2538\/revisions"}],"predecessor-version":[{"id":8011,"href":"https:\/\/www.kamil.ch\/blog\/wp-json\/wp\/v2\/pages\/2538\/revisions\/8011"}],"wp:attachment":[{"href":"https:\/\/www.kamil.ch\/blog\/wp-json\/wp\/v2\/media?parent=2538"}],"curies":[{"name":"wp","href":"https:\/\/api.w.org\/{rel}","templated":true}]}}